{"id":622,"date":"2022-09-29T13:23:21","date_gmt":"2022-09-29T13:23:21","guid":{"rendered":"https:\/\/intelligent-chatelet.51-83-109-90.plesk.page\/?page_id=622"},"modified":"2023-01-18T16:36:36","modified_gmt":"2023-01-18T15:36:36","slug":"patrimoine-en-ligne","status":"publish","type":"page","link":"https:\/\/lamallemaubeugeoise.fr\/index.php\/patrimoine-en-ligne\/","title":{"rendered":"Patrimoine en ligne"},"content":{"rendered":"\t\t<div data-elementor-type=\"wp-page\" data-elementor-id=\"622\" class=\"elementor elementor-622\" data-elementor-post-type=\"page\">\n\t\t\t\t\t\t<section class=\"elementor-section elementor-top-section elementor-element elementor-element-35c79d6 elementor-section-boxed elementor-section-height-default elementor-section-height-default\" data-id=\"35c79d6\" data-element_type=\"section\" data-e-type=\"section\">\n\t\t\t\t\t\t<div class=\"elementor-container elementor-column-gap-default\">\n\t\t\t\t\t<div class=\"elementor-column elementor-col-100 elementor-top-column elementor-element elementor-element-73a2fa0\" data-id=\"73a2fa0\" data-element_type=\"column\" data-e-type=\"column\">\n\t\t\t<div class=\"elementor-widget-wrap elementor-element-populated\">\n\t\t\t\t\t\t<div class=\"elementor-element elementor-element-ed7f3c6 elementor-grid-4 elementor-grid-tablet-2 elementor-grid-mobile-1 elementor-widget elementor-widget-portfolio\" data-id=\"ed7f3c6\" data-element_type=\"widget\" data-e-type=\"widget\" data-settings=\"{&quot;columns&quot;:&quot;4&quot;,&quot;masonry&quot;:&quot;yes&quot;,&quot;row_gap&quot;:{&quot;unit&quot;:&quot;px&quot;,&quot;size&quot;:5,&quot;sizes&quot;:[]},&quot;columns_tablet&quot;:&quot;2&quot;,&quot;columns_mobile&quot;:&quot;1&quot;,&quot;item_gap&quot;:{&quot;unit&quot;:&quot;px&quot;,&quot;size&quot;:&quot;&quot;,&quot;sizes&quot;:[]}}\" data-widget_type=\"portfolio.default\">\n\t\t\t\t<div class=\"elementor-widget-container\">\n\t\t\t\t\t\t\t<ul class=\"elementor-portfolio__filters\">\n\t\t\t<li class=\"elementor-portfolio__filter elementor-active\" tabindex=\"0\" data-filter=\"__all\">Tout<\/li>\n\t\t\t\t\t\t\t<li class=\"elementor-portfolio__filter\" tabindex=\"0\" data-filter=\"40\">art d\u00e9co<\/li>\n\t\t\t\t\t\t\t<li class=\"elementor-portfolio__filter\" tabindex=\"0\" data-filter=\"43\">civil<\/li>\n\t\t\t\t\t\t\t<li class=\"elementor-portfolio__filter\" tabindex=\"0\" data-filter=\"46\">marbre<\/li>\n\t\t\t\t\t\t\t<li class=\"elementor-portfolio__filter\" tabindex=\"0\" data-filter=\"41\">militaire<\/li>\n\t\t\t\t\t\t\t<li class=\"elementor-portfolio__filter\" tabindex=\"0\" data-filter=\"44\">religieux<\/li>\n\t\t\t\t\t\t\t<li class=\"elementor-portfolio__filter\" tabindex=\"0\" data-filter=\"42\">seconde reconstruction<\/li>\n\t\t\t\t\t\t\t<li class=\"elementor-portfolio__filter\" tabindex=\"0\" data-filter=\"47\">terre cuite<\/li>\n\t\t\t\t\t<\/ul>\n\t\t\t\t<div class=\"elementor-portfolio elementor-grid elementor-posts-container\" role=\"list\">\n\t\t\t\t<article class=\"elementor-portfolio-item elementor-post  post-3289 post type-post status-publish format-standard has-post-thumbnail hentry category-patrimoine\" role=\"listitem\">\n\t\t\t<a class=\"elementor-post__thumbnail__link\" href=\"https:\/\/lamallemaubeugeoise.fr\/index.php\/2025\/03\/12\/monument-commemoratif-de-la-bataille-de-wattignies\/\">\n\t\t\t\t<div class=\"elementor-portfolio-item__img elementor-post__thumbnail\">\n\t\t\t<img fetchpriority=\"high\" decoding=\"async\" width=\"225\" height=\"300\" src=\"https:\/\/lamallemaubeugeoise.fr\/wp-content\/uploads\/2025\/03\/Capture-decran-2025-03-12-a-11.01.17-225x300.webp\" class=\"attachment-medium size-medium wp-image-3290\" alt=\"\" srcset=\"https:\/\/lamallemaubeugeoise.fr\/wp-content\/uploads\/2025\/03\/Capture-decran-2025-03-12-a-11.01.17-225x300.webp 225w, https:\/\/lamallemaubeugeoise.fr\/wp-content\/uploads\/2025\/03\/Capture-decran-2025-03-12-a-11.01.17-768x1023.webp 768w, https:\/\/lamallemaubeugeoise.fr\/wp-content\/uploads\/2025\/03\/Capture-decran-2025-03-12-a-11.01.17.webp 866w\" sizes=\"(max-width: 225px) 100vw, 225px\" \/>\t\t<\/div>\n\t\t\t\t<div class=\"elementor-portfolio-item__overlay\">\n\t\t\t\t<h3 class=\"elementor-portfolio-item__title\">\n\t\tMonument comm\u00e9moratif de la bataille de Wattignies\t\t<\/h3>\n\t\t\t\t<\/div>\n\t\t\t\t<\/a>\n\t\t<\/article>\n\t\t\t\t<article class=\"elementor-portfolio-item elementor-post  post-3285 post type-post status-publish format-standard has-post-thumbnail hentry category-patrimoine\" role=\"listitem\">\n\t\t\t<a class=\"elementor-post__thumbnail__link\" href=\"https:\/\/lamallemaubeugeoise.fr\/index.php\/2025\/03\/12\/les-remparts\/\">\n\t\t\t\t<div class=\"elementor-portfolio-item__img elementor-post__thumbnail\">\n\t\t\t<img decoding=\"async\" width=\"300\" height=\"199\" src=\"https:\/\/lamallemaubeugeoise.fr\/wp-content\/uploads\/2025\/03\/Capture-decran-2025-03-12-a-10.58.37-300x199.webp\" class=\"attachment-medium size-medium wp-image-3286\" alt=\"\" srcset=\"https:\/\/lamallemaubeugeoise.fr\/wp-content\/uploads\/2025\/03\/Capture-decran-2025-03-12-a-10.58.37-300x199.webp 300w, https:\/\/lamallemaubeugeoise.fr\/wp-content\/uploads\/2025\/03\/Capture-decran-2025-03-12-a-10.58.37-768x510.webp 768w, https:\/\/lamallemaubeugeoise.fr\/wp-content\/uploads\/2025\/03\/Capture-decran-2025-03-12-a-10.58.37.webp 1000w\" sizes=\"(max-width: 300px) 100vw, 300px\" \/>\t\t<\/div>\n\t\t\t\t<div class=\"elementor-portfolio-item__overlay\">\n\t\t\t\t<h3 class=\"elementor-portfolio-item__title\">\n\t\tLes remparts\t\t<\/h3>\n\t\t\t\t<\/div>\n\t\t\t\t<\/a>\n\t\t<\/article>\n\t\t\t\t<article class=\"elementor-portfolio-item elementor-post elementor-filter-46 elementor-filter-47 post-3264 post type-post status-publish format-standard has-post-thumbnail hentry category-patrimoine tag-marbre tag-terre-cuite\" role=\"listitem\">\n\t\t\t<a class=\"elementor-post__thumbnail__link\" href=\"https:\/\/lamallemaubeugeoise.fr\/index.php\/2025\/01\/28\/les-danseuses\/\">\n\t\t\t\t<div class=\"elementor-portfolio-item__img elementor-post__thumbnail\">\n\t\t\t<img decoding=\"async\" width=\"300\" height=\"300\" src=\"https:\/\/lamallemaubeugeoise.fr\/wp-content\/uploads\/2025\/01\/Mosaique_Lurcat-300x300.webp\" class=\"attachment-medium size-medium wp-image-3265\" alt=\"\u00a9 Ville de Maubeuge et Sandrine Daubr\u00e8ge\" srcset=\"https:\/\/lamallemaubeugeoise.fr\/wp-content\/uploads\/2025\/01\/Mosaique_Lurcat-300x300.webp 300w, https:\/\/lamallemaubeugeoise.fr\/wp-content\/uploads\/2025\/01\/Mosaique_Lurcat-150x150.webp 150w, https:\/\/lamallemaubeugeoise.fr\/wp-content\/uploads\/2025\/01\/Mosaique_Lurcat-768x768.webp 768w, https:\/\/lamallemaubeugeoise.fr\/wp-content\/uploads\/2025\/01\/Mosaique_Lurcat.webp 1000w\" sizes=\"(max-width: 300px) 100vw, 300px\" \/>\t\t<\/div>\n\t\t\t\t<div class=\"elementor-portfolio-item__overlay\">\n\t\t\t\t<h3 class=\"elementor-portfolio-item__title\">\n\t\tLes Danseuses\t\t<\/h3>\n\t\t\t\t<\/div>\n\t\t\t\t<\/a>\n\t\t<\/article>\n\t\t\t\t<article class=\"elementor-portfolio-item elementor-post elementor-filter-42 post-1620 post type-post status-publish format-standard has-post-thumbnail hentry category-patrimoine tag-seconde-reconstruction\" role=\"listitem\">\n\t\t\t<a class=\"elementor-post__thumbnail__link\" href=\"https:\/\/lamallemaubeugeoise.fr\/index.php\/2022\/11\/08\/caf-cpam\/\">\n\t\t\t\t<div class=\"elementor-portfolio-item__img elementor-post__thumbnail\">\n\t\t\t<img loading=\"lazy\" decoding=\"async\" width=\"300\" height=\"200\" src=\"https:\/\/lamallemaubeugeoise.fr\/wp-content\/uploads\/2022\/09\/CAF-CPAM_028-Redimensionnee-300x200.jpg\" class=\"attachment-medium size-medium wp-image-557\" alt=\"Photographie de l&#039;ancienne CAF - CPAM de Maubeuge\" srcset=\"https:\/\/lamallemaubeugeoise.fr\/wp-content\/uploads\/2022\/09\/CAF-CPAM_028-Redimensionnee-300x200.jpg 300w, https:\/\/lamallemaubeugeoise.fr\/wp-content\/uploads\/2022\/09\/CAF-CPAM_028-Redimensionnee-1024x683.jpg 1024w, https:\/\/lamallemaubeugeoise.fr\/wp-content\/uploads\/2022\/09\/CAF-CPAM_028-Redimensionnee-768x512.jpg 768w, https:\/\/lamallemaubeugeoise.fr\/wp-content\/uploads\/2022\/09\/CAF-CPAM_028-Redimensionnee-1536x1024.jpg 1536w, https:\/\/lamallemaubeugeoise.fr\/wp-content\/uploads\/2022\/09\/CAF-CPAM_028-Redimensionnee-1200x800.jpg 1200w, https:\/\/lamallemaubeugeoise.fr\/wp-content\/uploads\/2022\/09\/CAF-CPAM_028-Redimensionnee.jpg 1920w\" sizes=\"(max-width: 300px) 100vw, 300px\" \/>\t\t<\/div>\n\t\t\t\t<div class=\"elementor-portfolio-item__overlay\">\n\t\t\t\t<h3 class=\"elementor-portfolio-item__title\">\n\t\tCAF-CPAM\t\t<\/h3>\n\t\t\t\t<\/div>\n\t\t\t\t<\/a>\n\t\t<\/article>\n\t\t\t\t<article class=\"elementor-portfolio-item elementor-post elementor-filter-42 post-1616 post type-post status-publish format-standard has-post-thumbnail hentry category-patrimoine tag-seconde-reconstruction\" role=\"listitem\">\n\t\t\t<a class=\"elementor-post__thumbnail__link\" href=\"https:\/\/lamallemaubeugeoise.fr\/index.php\/2022\/11\/08\/hotel-de-ville\/\">\n\t\t\t\t<div class=\"elementor-portfolio-item__img elementor-post__thumbnail\">\n\t\t\t<img loading=\"lazy\" decoding=\"async\" width=\"300\" height=\"200\" src=\"https:\/\/lamallemaubeugeoise.fr\/wp-content\/uploads\/2022\/09\/HOTEL-VILLE_010-Redimensionnee-300x200.jpg\" class=\"attachment-medium size-medium wp-image-564\" alt=\"Photographie de l&#039;h\u00f4tel de ville de Maubeuge\" srcset=\"https:\/\/lamallemaubeugeoise.fr\/wp-content\/uploads\/2022\/09\/HOTEL-VILLE_010-Redimensionnee-300x200.jpg 300w, https:\/\/lamallemaubeugeoise.fr\/wp-content\/uploads\/2022\/09\/HOTEL-VILLE_010-Redimensionnee-1024x683.jpg 1024w, https:\/\/lamallemaubeugeoise.fr\/wp-content\/uploads\/2022\/09\/HOTEL-VILLE_010-Redimensionnee-768x512.jpg 768w, https:\/\/lamallemaubeugeoise.fr\/wp-content\/uploads\/2022\/09\/HOTEL-VILLE_010-Redimensionnee-1536x1024.jpg 1536w, https:\/\/lamallemaubeugeoise.fr\/wp-content\/uploads\/2022\/09\/HOTEL-VILLE_010-Redimensionnee-1200x800.jpg 1200w, https:\/\/lamallemaubeugeoise.fr\/wp-content\/uploads\/2022\/09\/HOTEL-VILLE_010-Redimensionnee.jpg 1920w\" sizes=\"(max-width: 300px) 100vw, 300px\" \/>\t\t<\/div>\n\t\t\t\t<div class=\"elementor-portfolio-item__overlay\">\n\t\t\t\t<h3 class=\"elementor-portfolio-item__title\">\n\t\tH\u00f4tel de ville\t\t<\/h3>\n\t\t\t\t<\/div>\n\t\t\t\t<\/a>\n\t\t<\/article>\n\t\t\t\t<article class=\"elementor-portfolio-item elementor-post elementor-filter-41 post-1612 post type-post status-publish format-standard has-post-thumbnail hentry category-patrimoine tag-militaire\" role=\"listitem\">\n\t\t\t<a class=\"elementor-post__thumbnail__link\" href=\"https:\/\/lamallemaubeugeoise.fr\/index.php\/2022\/11\/08\/arsenal\/\">\n\t\t\t\t<div class=\"elementor-portfolio-item__img elementor-post__thumbnail\">\n\t\t\t<img loading=\"lazy\" decoding=\"async\" width=\"300\" height=\"200\" src=\"https:\/\/lamallemaubeugeoise.fr\/wp-content\/uploads\/2022\/09\/ARSENAL_042-Redimensionnee-300x200.jpg\" class=\"attachment-medium size-medium wp-image-554\" alt=\"Photographie de l&#039;Arsenal de Maubeuge\" srcset=\"https:\/\/lamallemaubeugeoise.fr\/wp-content\/uploads\/2022\/09\/ARSENAL_042-Redimensionnee-300x200.jpg 300w, https:\/\/lamallemaubeugeoise.fr\/wp-content\/uploads\/2022\/09\/ARSENAL_042-Redimensionnee-1024x683.jpg 1024w, https:\/\/lamallemaubeugeoise.fr\/wp-content\/uploads\/2022\/09\/ARSENAL_042-Redimensionnee-768x512.jpg 768w, https:\/\/lamallemaubeugeoise.fr\/wp-content\/uploads\/2022\/09\/ARSENAL_042-Redimensionnee-1536x1024.jpg 1536w, https:\/\/lamallemaubeugeoise.fr\/wp-content\/uploads\/2022\/09\/ARSENAL_042-Redimensionnee-1200x800.jpg 1200w, https:\/\/lamallemaubeugeoise.fr\/wp-content\/uploads\/2022\/09\/ARSENAL_042-Redimensionnee.jpg 1920w\" sizes=\"(max-width: 300px) 100vw, 300px\" \/>\t\t<\/div>\n\t\t\t\t<div class=\"elementor-portfolio-item__overlay\">\n\t\t\t\t<h3 class=\"elementor-portfolio-item__title\">\n\t\tArsenal\t\t<\/h3>\n\t\t\t\t<\/div>\n\t\t\t\t<\/a>\n\t\t<\/article>\n\t\t\t\t<article class=\"elementor-portfolio-item elementor-post elementor-filter-40 post-1608 post type-post status-publish format-standard has-post-thumbnail hentry category-patrimoine tag-art-deco\" role=\"listitem\">\n\t\t\t<a class=\"elementor-post__thumbnail__link\" href=\"https:\/\/lamallemaubeugeoise.fr\/index.php\/2022\/11\/08\/sculfort\/\">\n\t\t\t\t<div class=\"elementor-portfolio-item__img elementor-post__thumbnail\">\n\t\t\t<img loading=\"lazy\" decoding=\"async\" width=\"300\" height=\"200\" src=\"https:\/\/lamallemaubeugeoise.fr\/wp-content\/uploads\/2022\/09\/SCULFORT_2010-Redimensionnee-300x200.jpg\" class=\"attachment-medium size-medium wp-image-571\" alt=\"Photographie des bureaux Sculfort de Maubeuge\" srcset=\"https:\/\/lamallemaubeugeoise.fr\/wp-content\/uploads\/2022\/09\/SCULFORT_2010-Redimensionnee-300x200.jpg 300w, https:\/\/lamallemaubeugeoise.fr\/wp-content\/uploads\/2022\/09\/SCULFORT_2010-Redimensionnee-1024x683.jpg 1024w, https:\/\/lamallemaubeugeoise.fr\/wp-content\/uploads\/2022\/09\/SCULFORT_2010-Redimensionnee-768x512.jpg 768w, https:\/\/lamallemaubeugeoise.fr\/wp-content\/uploads\/2022\/09\/SCULFORT_2010-Redimensionnee-1536x1024.jpg 1536w, https:\/\/lamallemaubeugeoise.fr\/wp-content\/uploads\/2022\/09\/SCULFORT_2010-Redimensionnee-1200x800.jpg 1200w, https:\/\/lamallemaubeugeoise.fr\/wp-content\/uploads\/2022\/09\/SCULFORT_2010-Redimensionnee.jpg 1920w\" sizes=\"(max-width: 300px) 100vw, 300px\" \/>\t\t<\/div>\n\t\t\t\t<div class=\"elementor-portfolio-item__overlay\">\n\t\t\t\t<h3 class=\"elementor-portfolio-item__title\">\n\t\tSculfort\t\t<\/h3>\n\t\t\t\t<\/div>\n\t\t\t\t<\/a>\n\t\t<\/article>\n\t\t\t\t<article class=\"elementor-portfolio-item elementor-post elementor-filter-40 post-1601 post type-post status-publish format-standard has-post-thumbnail hentry category-patrimoine tag-art-deco\" role=\"listitem\">\n\t\t\t<a class=\"elementor-post__thumbnail__link\" href=\"https:\/\/lamallemaubeugeoise.fr\/index.php\/2022\/11\/08\/conservatoire\/\">\n\t\t\t\t<div class=\"elementor-portfolio-item__img elementor-post__thumbnail\">\n\t\t\t<img loading=\"lazy\" decoding=\"async\" width=\"300\" height=\"200\" src=\"https:\/\/lamallemaubeugeoise.fr\/wp-content\/uploads\/2022\/10\/CONSERVATOIRE_0034-Redimensionnee-300x200.jpg\" class=\"attachment-medium size-medium wp-image-669\" alt=\"Photographie du conservatoire de Maubeuge\" srcset=\"https:\/\/lamallemaubeugeoise.fr\/wp-content\/uploads\/2022\/10\/CONSERVATOIRE_0034-Redimensionnee-300x200.jpg 300w, https:\/\/lamallemaubeugeoise.fr\/wp-content\/uploads\/2022\/10\/CONSERVATOIRE_0034-Redimensionnee-1024x683.jpg 1024w, https:\/\/lamallemaubeugeoise.fr\/wp-content\/uploads\/2022\/10\/CONSERVATOIRE_0034-Redimensionnee-768x512.jpg 768w, https:\/\/lamallemaubeugeoise.fr\/wp-content\/uploads\/2022\/10\/CONSERVATOIRE_0034-Redimensionnee-1536x1024.jpg 1536w, https:\/\/lamallemaubeugeoise.fr\/wp-content\/uploads\/2022\/10\/CONSERVATOIRE_0034-Redimensionnee-1200x800.jpg 1200w, https:\/\/lamallemaubeugeoise.fr\/wp-content\/uploads\/2022\/10\/CONSERVATOIRE_0034-Redimensionnee.jpg 1920w\" sizes=\"(max-width: 300px) 100vw, 300px\" \/>\t\t<\/div>\n\t\t\t\t<div class=\"elementor-portfolio-item__overlay\">\n\t\t\t\t<h3 class=\"elementor-portfolio-item__title\">\n\t\tConservatoire\t\t<\/h3>\n\t\t\t\t<\/div>\n\t\t\t\t<\/a>\n\t\t<\/article>\n\t\t\t\t<article class=\"elementor-portfolio-item elementor-post elementor-filter-44 post-1597 post type-post status-publish format-standard has-post-thumbnail hentry category-patrimoine tag-religieux\" role=\"listitem\">\n\t\t\t<a class=\"elementor-post__thumbnail__link\" href=\"https:\/\/lamallemaubeugeoise.fr\/index.php\/2022\/11\/08\/chapitre-des-chanoinesses\/\">\n\t\t\t\t<div class=\"elementor-portfolio-item__img elementor-post__thumbnail\">\n\t\t\t<img loading=\"lazy\" decoding=\"async\" width=\"300\" height=\"200\" src=\"https:\/\/lamallemaubeugeoise.fr\/wp-content\/uploads\/2022\/09\/CHAPITRE-DES-CHANOINESSES_003-Redimensionnee-300x200.jpg\" class=\"attachment-medium size-medium wp-image-559\" alt=\"Photographie du chapitre des chanoinesses de Maubeuge\" srcset=\"https:\/\/lamallemaubeugeoise.fr\/wp-content\/uploads\/2022\/09\/CHAPITRE-DES-CHANOINESSES_003-Redimensionnee-300x200.jpg 300w, https:\/\/lamallemaubeugeoise.fr\/wp-content\/uploads\/2022\/09\/CHAPITRE-DES-CHANOINESSES_003-Redimensionnee-1024x683.jpg 1024w, https:\/\/lamallemaubeugeoise.fr\/wp-content\/uploads\/2022\/09\/CHAPITRE-DES-CHANOINESSES_003-Redimensionnee-768x512.jpg 768w, https:\/\/lamallemaubeugeoise.fr\/wp-content\/uploads\/2022\/09\/CHAPITRE-DES-CHANOINESSES_003-Redimensionnee-1536x1024.jpg 1536w, https:\/\/lamallemaubeugeoise.fr\/wp-content\/uploads\/2022\/09\/CHAPITRE-DES-CHANOINESSES_003-Redimensionnee-1200x800.jpg 1200w, https:\/\/lamallemaubeugeoise.fr\/wp-content\/uploads\/2022\/09\/CHAPITRE-DES-CHANOINESSES_003-Redimensionnee.jpg 1920w\" sizes=\"(max-width: 300px) 100vw, 300px\" \/>\t\t<\/div>\n\t\t\t\t<div class=\"elementor-portfolio-item__overlay\">\n\t\t\t\t<h3 class=\"elementor-portfolio-item__title\">\n\t\tChapitres des chanoinesses\t\t<\/h3>\n\t\t\t\t<\/div>\n\t\t\t\t<\/a>\n\t\t<\/article>\n\t\t\t\t<article class=\"elementor-portfolio-item elementor-post elementor-filter-44 post-1593 post type-post status-publish format-standard has-post-thumbnail hentry category-patrimoine tag-religieux\" role=\"listitem\">\n\t\t\t<a class=\"elementor-post__thumbnail__link\" href=\"https:\/\/lamallemaubeugeoise.fr\/index.php\/2022\/11\/08\/chapelle-des-soeurs-noires\/\">\n\t\t\t\t<div class=\"elementor-portfolio-item__img elementor-post__thumbnail\">\n\t\t\t<img loading=\"lazy\" decoding=\"async\" width=\"191\" height=\"300\" src=\"https:\/\/lamallemaubeugeoise.fr\/wp-content\/uploads\/2022\/09\/CHAPELLE-DES-SOEURS-NOIRES_048-Redimensionnee-191x300.jpg\" class=\"attachment-medium size-medium wp-image-558\" alt=\"Photographie de la chapelle des s\u0153urs noires de Maubeuge\" srcset=\"https:\/\/lamallemaubeugeoise.fr\/wp-content\/uploads\/2022\/09\/CHAPELLE-DES-SOEURS-NOIRES_048-Redimensionnee-191x300.jpg 191w, https:\/\/lamallemaubeugeoise.fr\/wp-content\/uploads\/2022\/09\/CHAPELLE-DES-SOEURS-NOIRES_048-Redimensionnee-651x1024.jpg 651w, https:\/\/lamallemaubeugeoise.fr\/wp-content\/uploads\/2022\/09\/CHAPELLE-DES-SOEURS-NOIRES_048-Redimensionnee-768x1208.jpg 768w, https:\/\/lamallemaubeugeoise.fr\/wp-content\/uploads\/2022\/09\/CHAPELLE-DES-SOEURS-NOIRES_048-Redimensionnee-977x1536.jpg 977w, https:\/\/lamallemaubeugeoise.fr\/wp-content\/uploads\/2022\/09\/CHAPELLE-DES-SOEURS-NOIRES_048-Redimensionnee-1302x2048.jpg 1302w, https:\/\/lamallemaubeugeoise.fr\/wp-content\/uploads\/2022\/09\/CHAPELLE-DES-SOEURS-NOIRES_048-Redimensionnee-1200x1887.jpg 1200w, https:\/\/lamallemaubeugeoise.fr\/wp-content\/uploads\/2022\/09\/CHAPELLE-DES-SOEURS-NOIRES_048-Redimensionnee-scaled.jpg 1628w\" sizes=\"(max-width: 191px) 100vw, 191px\" \/>\t\t<\/div>\n\t\t\t\t<div class=\"elementor-portfolio-item__overlay\">\n\t\t\t\t<h3 class=\"elementor-portfolio-item__title\">\n\t\tChapelle des s\u0153urs noires\t\t<\/h3>\n\t\t\t\t<\/div>\n\t\t\t\t<\/a>\n\t\t<\/article>\n\t\t\t\t<article class=\"elementor-portfolio-item elementor-post elementor-filter-41 post-1472 post type-post status-publish format-standard has-post-thumbnail hentry category-patrimoine tag-militaire\" role=\"listitem\">\n\t\t\t<a class=\"elementor-post__thumbnail__link\" href=\"https:\/\/lamallemaubeugeoise.fr\/index.php\/2022\/11\/07\/manege\/\">\n\t\t\t\t<div class=\"elementor-portfolio-item__img elementor-post__thumbnail\">\n\t\t\t<img loading=\"lazy\" decoding=\"async\" width=\"300\" height=\"200\" src=\"https:\/\/lamallemaubeugeoise.fr\/wp-content\/uploads\/2022\/10\/MANEGE_1923-Redimensionnee-300x200.jpg\" class=\"attachment-medium size-medium wp-image-685\" alt=\"Photographie du th\u00e9\u00e2tre Le Man\u00e8ge\" srcset=\"https:\/\/lamallemaubeugeoise.fr\/wp-content\/uploads\/2022\/10\/MANEGE_1923-Redimensionnee-300x200.jpg 300w, https:\/\/lamallemaubeugeoise.fr\/wp-content\/uploads\/2022\/10\/MANEGE_1923-Redimensionnee-1024x683.jpg 1024w, https:\/\/lamallemaubeugeoise.fr\/wp-content\/uploads\/2022\/10\/MANEGE_1923-Redimensionnee-768x512.jpg 768w, https:\/\/lamallemaubeugeoise.fr\/wp-content\/uploads\/2022\/10\/MANEGE_1923-Redimensionnee-1536x1024.jpg 1536w, https:\/\/lamallemaubeugeoise.fr\/wp-content\/uploads\/2022\/10\/MANEGE_1923-Redimensionnee-1200x800.jpg 1200w, https:\/\/lamallemaubeugeoise.fr\/wp-content\/uploads\/2022\/10\/MANEGE_1923-Redimensionnee.jpg 1920w\" sizes=\"(max-width: 300px) 100vw, 300px\" \/>\t\t<\/div>\n\t\t\t\t<div class=\"elementor-portfolio-item__overlay\">\n\t\t\t\t<h3 class=\"elementor-portfolio-item__title\">\n\t\tMan\u00e8ge\t\t<\/h3>\n\t\t\t\t<\/div>\n\t\t\t\t<\/a>\n\t\t<\/article>\n\t\t\t\t<article class=\"elementor-portfolio-item elementor-post elementor-filter-44 elementor-filter-42 post-1468 post type-post status-publish format-standard has-post-thumbnail hentry category-patrimoine tag-religieux tag-seconde-reconstruction\" role=\"listitem\">\n\t\t\t<a class=\"elementor-post__thumbnail__link\" href=\"https:\/\/lamallemaubeugeoise.fr\/index.php\/2022\/11\/07\/eglise\/\">\n\t\t\t\t<div class=\"elementor-portfolio-item__img elementor-post__thumbnail\">\n\t\t\t<img loading=\"lazy\" decoding=\"async\" width=\"200\" height=\"300\" src=\"https:\/\/lamallemaubeugeoise.fr\/wp-content\/uploads\/2022\/10\/EGLISE-SPSP_009-Redimensionnee-200x300.jpg\" class=\"attachment-medium size-medium wp-image-684\" alt=\"Photographie de l&#039;\u00e9glise Saint-Pierre Saint-Paul\" srcset=\"https:\/\/lamallemaubeugeoise.fr\/wp-content\/uploads\/2022\/10\/EGLISE-SPSP_009-Redimensionnee-200x300.jpg 200w, https:\/\/lamallemaubeugeoise.fr\/wp-content\/uploads\/2022\/10\/EGLISE-SPSP_009-Redimensionnee-683x1024.jpg 683w, https:\/\/lamallemaubeugeoise.fr\/wp-content\/uploads\/2022\/10\/EGLISE-SPSP_009-Redimensionnee-768x1152.jpg 768w, https:\/\/lamallemaubeugeoise.fr\/wp-content\/uploads\/2022\/10\/EGLISE-SPSP_009-Redimensionnee-1024x1536.jpg 1024w, https:\/\/lamallemaubeugeoise.fr\/wp-content\/uploads\/2022\/10\/EGLISE-SPSP_009-Redimensionnee-1365x2048.jpg 1365w, https:\/\/lamallemaubeugeoise.fr\/wp-content\/uploads\/2022\/10\/EGLISE-SPSP_009-Redimensionnee-1200x1800.jpg 1200w, https:\/\/lamallemaubeugeoise.fr\/wp-content\/uploads\/2022\/10\/EGLISE-SPSP_009-Redimensionnee-scaled.jpg 1707w\" sizes=\"(max-width: 200px) 100vw, 200px\" \/>\t\t<\/div>\n\t\t\t\t<div class=\"elementor-portfolio-item__overlay\">\n\t\t\t\t<h3 class=\"elementor-portfolio-item__title\">\n\t\tEglise Saint-Pierre &#8211; Saint-Paul\t\t<\/h3>\n\t\t\t\t<\/div>\n\t\t\t\t<\/a>\n\t\t<\/article>\n\t\t\t\t<article class=\"elementor-portfolio-item elementor-post elementor-filter-44 post-1461 post type-post status-publish format-standard has-post-thumbnail hentry category-patrimoine tag-religieux\" role=\"listitem\">\n\t\t\t<a class=\"elementor-post__thumbnail__link\" href=\"https:\/\/lamallemaubeugeoise.fr\/index.php\/2022\/11\/07\/beguinage-des-cantuaines\/\">\n\t\t\t\t<div class=\"elementor-portfolio-item__img elementor-post__thumbnail\">\n\t\t\t<img loading=\"lazy\" decoding=\"async\" width=\"300\" height=\"200\" src=\"https:\/\/lamallemaubeugeoise.fr\/wp-content\/uploads\/2022\/10\/BEGUINAGE-DES-CANTUAINES_027-Redimensionnee-300x200.jpg\" class=\"attachment-medium size-medium wp-image-648\" alt=\"Photographie du b\u00e9guinage des cantuaines de Maubeuge\" srcset=\"https:\/\/lamallemaubeugeoise.fr\/wp-content\/uploads\/2022\/10\/BEGUINAGE-DES-CANTUAINES_027-Redimensionnee-300x200.jpg 300w, https:\/\/lamallemaubeugeoise.fr\/wp-content\/uploads\/2022\/10\/BEGUINAGE-DES-CANTUAINES_027-Redimensionnee-1024x683.jpg 1024w, https:\/\/lamallemaubeugeoise.fr\/wp-content\/uploads\/2022\/10\/BEGUINAGE-DES-CANTUAINES_027-Redimensionnee-768x512.jpg 768w, https:\/\/lamallemaubeugeoise.fr\/wp-content\/uploads\/2022\/10\/BEGUINAGE-DES-CANTUAINES_027-Redimensionnee-1536x1024.jpg 1536w, https:\/\/lamallemaubeugeoise.fr\/wp-content\/uploads\/2022\/10\/BEGUINAGE-DES-CANTUAINES_027-Redimensionnee-1200x800.jpg 1200w, https:\/\/lamallemaubeugeoise.fr\/wp-content\/uploads\/2022\/10\/BEGUINAGE-DES-CANTUAINES_027-Redimensionnee.jpg 1920w\" sizes=\"(max-width: 300px) 100vw, 300px\" \/>\t\t<\/div>\n\t\t\t\t<div class=\"elementor-portfolio-item__overlay\">\n\t\t\t\t<h3 class=\"elementor-portfolio-item__title\">\n\t\tBeguinage des Cantuaines\t\t<\/h3>\n\t\t\t\t<\/div>\n\t\t\t\t<\/a>\n\t\t<\/article>\n\t\t\t\t<article class=\"elementor-portfolio-item elementor-post elementor-filter-44 post-1435 post type-post status-publish format-standard has-post-thumbnail hentry category-patrimoine tag-religieux\" role=\"listitem\">\n\t\t\t<a class=\"elementor-post__thumbnail__link\" href=\"https:\/\/lamallemaubeugeoise.fr\/index.php\/2022\/11\/06\/notre-dame-tilleul\/\">\n\t\t\t\t<div class=\"elementor-portfolio-item__img elementor-post__thumbnail\">\n\t\t\t<img loading=\"lazy\" decoding=\"async\" width=\"300\" height=\"214\" src=\"https:\/\/lamallemaubeugeoise.fr\/wp-content\/uploads\/2022\/10\/NOTRE-DAME-TILLEUL_008-Redimensionnee-300x214.jpg\" class=\"attachment-medium size-medium wp-image-673\" alt=\"Photographie de l&#039;\u00e9glise Notre-Dame-du-Tilleul de Maubeuge\" srcset=\"https:\/\/lamallemaubeugeoise.fr\/wp-content\/uploads\/2022\/10\/NOTRE-DAME-TILLEUL_008-Redimensionnee-300x214.jpg 300w, https:\/\/lamallemaubeugeoise.fr\/wp-content\/uploads\/2022\/10\/NOTRE-DAME-TILLEUL_008-Redimensionnee-1024x730.jpg 1024w, https:\/\/lamallemaubeugeoise.fr\/wp-content\/uploads\/2022\/10\/NOTRE-DAME-TILLEUL_008-Redimensionnee-768x548.jpg 768w, https:\/\/lamallemaubeugeoise.fr\/wp-content\/uploads\/2022\/10\/NOTRE-DAME-TILLEUL_008-Redimensionnee-1536x1095.jpg 1536w, https:\/\/lamallemaubeugeoise.fr\/wp-content\/uploads\/2022\/10\/NOTRE-DAME-TILLEUL_008-Redimensionnee-1200x856.jpg 1200w, https:\/\/lamallemaubeugeoise.fr\/wp-content\/uploads\/2022\/10\/NOTRE-DAME-TILLEUL_008-Redimensionnee.jpg 1920w\" sizes=\"(max-width: 300px) 100vw, 300px\" \/>\t\t<\/div>\n\t\t\t\t<div class=\"elementor-portfolio-item__overlay\">\n\t\t\t\t<h3 class=\"elementor-portfolio-item__title\">\n\t\tEglise Notre-Dame-du-Tilleul\t\t<\/h3>\n\t\t\t\t<\/div>\n\t\t\t\t<\/a>\n\t\t<\/article>\n\t\t\t\t<article class=\"elementor-portfolio-item elementor-post elementor-filter-43 post-1423 post type-post status-publish format-standard has-post-thumbnail hentry category-patrimoine tag-civil\" role=\"listitem\">\n\t\t\t<a class=\"elementor-post__thumbnail__link\" href=\"https:\/\/lamallemaubeugeoise.fr\/index.php\/2022\/11\/06\/banque-de-france\/\">\n\t\t\t\t<div class=\"elementor-portfolio-item__img elementor-post__thumbnail\">\n\t\t\t<img loading=\"lazy\" decoding=\"async\" width=\"300\" height=\"200\" src=\"https:\/\/lamallemaubeugeoise.fr\/wp-content\/uploads\/2022\/09\/BANQUE-FRANCE_009-Redimensionnee-300x200.jpg\" class=\"attachment-medium size-medium wp-image-555\" alt=\"Photographie de l&#039;ancienne Banque de France de Maubeuge\" srcset=\"https:\/\/lamallemaubeugeoise.fr\/wp-content\/uploads\/2022\/09\/BANQUE-FRANCE_009-Redimensionnee-300x200.jpg 300w, https:\/\/lamallemaubeugeoise.fr\/wp-content\/uploads\/2022\/09\/BANQUE-FRANCE_009-Redimensionnee-1024x683.jpg 1024w, https:\/\/lamallemaubeugeoise.fr\/wp-content\/uploads\/2022\/09\/BANQUE-FRANCE_009-Redimensionnee-768x512.jpg 768w, https:\/\/lamallemaubeugeoise.fr\/wp-content\/uploads\/2022\/09\/BANQUE-FRANCE_009-Redimensionnee-1536x1024.jpg 1536w, https:\/\/lamallemaubeugeoise.fr\/wp-content\/uploads\/2022\/09\/BANQUE-FRANCE_009-Redimensionnee-1200x800.jpg 1200w, https:\/\/lamallemaubeugeoise.fr\/wp-content\/uploads\/2022\/09\/BANQUE-FRANCE_009-Redimensionnee.jpg 1920w\" sizes=\"(max-width: 300px) 100vw, 300px\" \/>\t\t<\/div>\n\t\t\t\t<div class=\"elementor-portfolio-item__overlay\">\n\t\t\t\t<h3 class=\"elementor-portfolio-item__title\">\n\t\tBanque de France\t\t<\/h3>\n\t\t\t\t<\/div>\n\t\t\t\t<\/a>\n\t\t<\/article>\n\t\t\t\t<article class=\"elementor-portfolio-item elementor-post elementor-filter-42 post-1412 post type-post status-publish format-standard has-post-thumbnail hentry category-patrimoine tag-seconde-reconstruction\" role=\"listitem\">\n\t\t\t<a class=\"elementor-post__thumbnail__link\" href=\"https:\/\/lamallemaubeugeoise.fr\/index.php\/2022\/11\/06\/pole-des-arts\/\">\n\t\t\t\t<div class=\"elementor-portfolio-item__img elementor-post__thumbnail\">\n\t\t\t<img loading=\"lazy\" decoding=\"async\" width=\"300\" height=\"200\" src=\"https:\/\/lamallemaubeugeoise.fr\/wp-content\/uploads\/2022\/10\/POLE-DES-ARTS_038-Redimensionnee-300x200.jpg\" class=\"attachment-medium size-medium wp-image-689\" alt=\"Photographie du p\u00f4le des arts \u00e0 Maubeuge\" srcset=\"https:\/\/lamallemaubeugeoise.fr\/wp-content\/uploads\/2022\/10\/POLE-DES-ARTS_038-Redimensionnee-300x200.jpg 300w, https:\/\/lamallemaubeugeoise.fr\/wp-content\/uploads\/2022\/10\/POLE-DES-ARTS_038-Redimensionnee-1024x683.jpg 1024w, https:\/\/lamallemaubeugeoise.fr\/wp-content\/uploads\/2022\/10\/POLE-DES-ARTS_038-Redimensionnee-768x512.jpg 768w, https:\/\/lamallemaubeugeoise.fr\/wp-content\/uploads\/2022\/10\/POLE-DES-ARTS_038-Redimensionnee-1536x1024.jpg 1536w, https:\/\/lamallemaubeugeoise.fr\/wp-content\/uploads\/2022\/10\/POLE-DES-ARTS_038-Redimensionnee-1200x800.jpg 1200w, https:\/\/lamallemaubeugeoise.fr\/wp-content\/uploads\/2022\/10\/POLE-DES-ARTS_038-Redimensionnee.jpg 1920w\" sizes=\"(max-width: 300px) 100vw, 300px\" \/>\t\t<\/div>\n\t\t\t\t<div class=\"elementor-portfolio-item__overlay\">\n\t\t\t\t<h3 class=\"elementor-portfolio-item__title\">\n\t\tP\u00f4le des Arts\t\t<\/h3>\n\t\t\t\t<\/div>\n\t\t\t\t<\/a>\n\t\t<\/article>\n\t\t\t\t<article class=\"elementor-portfolio-item elementor-post elementor-filter-41 post-1401 post type-post status-publish format-standard has-post-thumbnail hentry category-patrimoine tag-militaire\" role=\"listitem\">\n\t\t\t<a class=\"elementor-post__thumbnail__link\" href=\"https:\/\/lamallemaubeugeoise.fr\/index.php\/2022\/11\/06\/porte-de-mons\/\">\n\t\t\t\t<div class=\"elementor-portfolio-item__img elementor-post__thumbnail\">\n\t\t\t<img loading=\"lazy\" decoding=\"async\" width=\"300\" height=\"200\" src=\"https:\/\/lamallemaubeugeoise.fr\/wp-content\/uploads\/2022\/10\/PORTE-DE-MONS_0113-Redimensionnee-300x200.jpg\" class=\"attachment-medium size-medium wp-image-650\" alt=\"Photographie de la Porte de Mons\" srcset=\"https:\/\/lamallemaubeugeoise.fr\/wp-content\/uploads\/2022\/10\/PORTE-DE-MONS_0113-Redimensionnee-300x200.jpg 300w, https:\/\/lamallemaubeugeoise.fr\/wp-content\/uploads\/2022\/10\/PORTE-DE-MONS_0113-Redimensionnee-1024x683.jpg 1024w, https:\/\/lamallemaubeugeoise.fr\/wp-content\/uploads\/2022\/10\/PORTE-DE-MONS_0113-Redimensionnee-768x512.jpg 768w, https:\/\/lamallemaubeugeoise.fr\/wp-content\/uploads\/2022\/10\/PORTE-DE-MONS_0113-Redimensionnee-1536x1024.jpg 1536w, https:\/\/lamallemaubeugeoise.fr\/wp-content\/uploads\/2022\/10\/PORTE-DE-MONS_0113-Redimensionnee-1200x800.jpg 1200w, https:\/\/lamallemaubeugeoise.fr\/wp-content\/uploads\/2022\/10\/PORTE-DE-MONS_0113-Redimensionnee.jpg 1920w\" sizes=\"(max-width: 300px) 100vw, 300px\" \/>\t\t<\/div>\n\t\t\t\t<div class=\"elementor-portfolio-item__overlay\">\n\t\t\t\t<h3 class=\"elementor-portfolio-item__title\">\n\t\tPorte de Mons\t\t<\/h3>\n\t\t\t\t<\/div>\n\t\t\t\t<\/a>\n\t\t<\/article>\n\t\t\t\t<article class=\"elementor-portfolio-item elementor-post elementor-filter-40 post-1384 post type-post status-publish format-standard has-post-thumbnail hentry category-patrimoine tag-art-deco\" role=\"listitem\">\n\t\t\t<a class=\"elementor-post__thumbnail__link\" href=\"https:\/\/lamallemaubeugeoise.fr\/index.php\/2022\/11\/06\/salle-sthrau\/\">\n\t\t\t\t<div class=\"elementor-portfolio-item__img elementor-post__thumbnail\">\n\t\t\t<img loading=\"lazy\" decoding=\"async\" width=\"200\" height=\"300\" src=\"https:\/\/lamallemaubeugeoise.fr\/wp-content\/uploads\/2022\/10\/SALLE-STHRAU_18-Redimensionnee-200x300.jpg\" class=\"attachment-medium size-medium wp-image-687\" alt=\"Photographie de la fa\u00e7ade de la salle Sthrau\" srcset=\"https:\/\/lamallemaubeugeoise.fr\/wp-content\/uploads\/2022\/10\/SALLE-STHRAU_18-Redimensionnee-200x300.jpg 200w, https:\/\/lamallemaubeugeoise.fr\/wp-content\/uploads\/2022\/10\/SALLE-STHRAU_18-Redimensionnee-683x1024.jpg 683w, https:\/\/lamallemaubeugeoise.fr\/wp-content\/uploads\/2022\/10\/SALLE-STHRAU_18-Redimensionnee-768x1152.jpg 768w, https:\/\/lamallemaubeugeoise.fr\/wp-content\/uploads\/2022\/10\/SALLE-STHRAU_18-Redimensionnee-1024x1536.jpg 1024w, https:\/\/lamallemaubeugeoise.fr\/wp-content\/uploads\/2022\/10\/SALLE-STHRAU_18-Redimensionnee-1365x2048.jpg 1365w, https:\/\/lamallemaubeugeoise.fr\/wp-content\/uploads\/2022\/10\/SALLE-STHRAU_18-Redimensionnee-1200x1800.jpg 1200w, https:\/\/lamallemaubeugeoise.fr\/wp-content\/uploads\/2022\/10\/SALLE-STHRAU_18-Redimensionnee-scaled.jpg 1707w\" sizes=\"(max-width: 200px) 100vw, 200px\" \/>\t\t<\/div>\n\t\t\t\t<div class=\"elementor-portfolio-item__overlay\">\n\t\t\t\t<h3 class=\"elementor-portfolio-item__title\">\n\t\tSalle Sthrau\t\t<\/h3>\n\t\t\t\t<\/div>\n\t\t\t\t<\/a>\n\t\t<\/article>\n\t\t\t\t<\/div>\n\t\t\t\t\t\t<\/div>\n\t\t\t\t<\/div>\n\t\t\t\t\t<\/div>\n\t\t<\/div>\n\t\t\t\t\t<\/div>\n\t\t<\/section>\n\t\t\t\t<\/div>\n\t\t","protected":false},"excerpt":{"rendered":"","protected":false},"author":1,"featured_media":0,"parent":0,"menu_order":0,"comment_status":"closed","ping_status":"closed","template":"elementor_header_footer","meta":{"footnotes":""},"class_list":["post-622","page","type-page","status-publish","hentry"],"yoast_head":"<!-- This site is optimized with the Yoast SEO plugin v27.2 - https:\/\/yoast.com\/product\/yoast-seo-wordpress\/ -->\n<title>Malle maubeugeoise - Patrimoine en ligne<\/title>\n<meta name=\"description\" content=\"Retrouvez ici le patrimoine de Maubeuge ! B\u00e2timents anciens ou r\u00e9cents, apprenez en plus sur l&#039;architecture de la ville ...\" \/>\n<meta name=\"robots\" content=\"index, follow, max-snippet:-1, max-image-preview:large, max-video-preview:-1\" \/>\n<link rel=\"canonical\" href=\"https:\/\/lamallemaubeugeoise.fr\/index.php\/patrimoine-en-ligne\/\" \/>\n<meta property=\"og:locale\" content=\"fr_FR\" \/>\n<meta property=\"og:type\" content=\"article\" \/>\n<meta property=\"og:title\" content=\"Malle maubeugeoise - Patrimoine en ligne\" \/>\n<meta property=\"og:description\" content=\"Retrouvez ici le patrimoine de Maubeuge ! B\u00e2timents anciens ou r\u00e9cents, apprenez en plus sur l&#039;architecture de la ville ...\" \/>\n<meta property=\"og:url\" content=\"https:\/\/lamallemaubeugeoise.fr\/index.php\/patrimoine-en-ligne\/\" \/>\n<meta property=\"og:site_name\" content=\"La Malle maubeugeoise\" \/>\n<meta property=\"article:publisher\" content=\"https:\/\/www.facebook.com\/VilledeMaubeuge\" \/>\n<meta property=\"article:modified_time\" content=\"2023-01-18T15:36:36+00:00\" \/>\n<meta name=\"twitter:card\" content=\"summary_large_image\" \/>\n<meta name=\"twitter:site\" content=\"@VilleMaubeuge\" \/>\n<script type=\"application\/ld+json\" class=\"yoast-schema-graph\">{\"@context\":\"https:\/\/schema.org\",\"@graph\":[{\"@type\":\"WebPage\",\"@id\":\"https:\/\/lamallemaubeugeoise.fr\/index.php\/patrimoine-en-ligne\/\",\"url\":\"https:\/\/lamallemaubeugeoise.fr\/index.php\/patrimoine-en-ligne\/\",\"name\":\"Malle maubeugeoise - Patrimoine en ligne\",\"isPartOf\":{\"@id\":\"https:\/\/lamallemaubeugeoise.fr\/#website\"},\"datePublished\":\"2022-09-29T13:23:21+00:00\",\"dateModified\":\"2023-01-18T15:36:36+00:00\",\"description\":\"Retrouvez ici le patrimoine de Maubeuge ! B\u00e2timents anciens ou r\u00e9cents, apprenez en plus sur l'architecture de la ville ...\",\"breadcrumb\":{\"@id\":\"https:\/\/lamallemaubeugeoise.fr\/index.php\/patrimoine-en-ligne\/#breadcrumb\"},\"inLanguage\":\"fr-FR\",\"potentialAction\":[{\"@type\":\"ReadAction\",\"target\":[\"https:\/\/lamallemaubeugeoise.fr\/index.php\/patrimoine-en-ligne\/\"]}]},{\"@type\":\"BreadcrumbList\",\"@id\":\"https:\/\/lamallemaubeugeoise.fr\/index.php\/patrimoine-en-ligne\/#breadcrumb\",\"itemListElement\":[{\"@type\":\"ListItem\",\"position\":1,\"name\":\"Accueil\",\"item\":\"https:\/\/lamallemaubeugeoise.fr\/\"},{\"@type\":\"ListItem\",\"position\":2,\"name\":\"Patrimoine en ligne\"}]},{\"@type\":\"WebSite\",\"@id\":\"https:\/\/lamallemaubeugeoise.fr\/#website\",\"url\":\"https:\/\/lamallemaubeugeoise.fr\/\",\"name\":\"La Malle maubeugeoise\",\"description\":\"\",\"publisher\":{\"@id\":\"https:\/\/lamallemaubeugeoise.fr\/#organization\"},\"potentialAction\":[{\"@type\":\"SearchAction\",\"target\":{\"@type\":\"EntryPoint\",\"urlTemplate\":\"https:\/\/lamallemaubeugeoise.fr\/?s={search_term_string}\"},\"query-input\":{\"@type\":\"PropertyValueSpecification\",\"valueRequired\":true,\"valueName\":\"search_term_string\"}}],\"inLanguage\":\"fr-FR\"},{\"@type\":\"Organization\",\"@id\":\"https:\/\/lamallemaubeugeoise.fr\/#organization\",\"name\":\"La Malle maubeugeoise\",\"url\":\"https:\/\/lamallemaubeugeoise.fr\/\",\"logo\":{\"@type\":\"ImageObject\",\"inLanguage\":\"fr-FR\",\"@id\":\"https:\/\/lamallemaubeugeoise.fr\/#\/schema\/logo\/image\/\",\"url\":\"https:\/\/lamallemaubeugeoise.fr\/wp-content\/uploads\/2022\/09\/logo_culture.png\",\"contentUrl\":\"https:\/\/lamallemaubeugeoise.fr\/wp-content\/uploads\/2022\/09\/logo_culture.png\",\"width\":500,\"height\":270,\"caption\":\"La Malle maubeugeoise\"},\"image\":{\"@id\":\"https:\/\/lamallemaubeugeoise.fr\/#\/schema\/logo\/image\/\"},\"sameAs\":[\"https:\/\/www.facebook.com\/VilledeMaubeuge\",\"https:\/\/x.com\/VilleMaubeuge\",\"https:\/\/www.instagram.com\/villedemaubeuge\/\",\"https:\/\/www.linkedin.com\/company\/42902618\/admin\/\",\"https:\/\/www.youtube.com\/channel\/UCqOferEXg9bqKz_6mzrxN4w\",\"https:\/\/t.me\/villeMaubeuge\"]}]}<\/script>\n<!-- \/ Yoast SEO plugin. -->","yoast_head_json":{"title":"Malle maubeugeoise - Patrimoine en ligne","description":"Retrouvez ici le patrimoine de Maubeuge ! B\u00e2timents anciens ou r\u00e9cents, apprenez en plus sur l'architecture de la ville ...","robots":{"index":"index","follow":"follow","max-snippet":"max-snippet:-1","max-image-preview":"max-image-preview:large","max-video-preview":"max-video-preview:-1"},"canonical":"https:\/\/lamallemaubeugeoise.fr\/index.php\/patrimoine-en-ligne\/","og_locale":"fr_FR","og_type":"article","og_title":"Malle maubeugeoise - Patrimoine en ligne","og_description":"Retrouvez ici le patrimoine de Maubeuge ! B\u00e2timents anciens ou r\u00e9cents, apprenez en plus sur l'architecture de la ville ...","og_url":"https:\/\/lamallemaubeugeoise.fr\/index.php\/patrimoine-en-ligne\/","og_site_name":"La Malle maubeugeoise","article_publisher":"https:\/\/www.facebook.com\/VilledeMaubeuge","article_modified_time":"2023-01-18T15:36:36+00:00","twitter_card":"summary_large_image","twitter_site":"@VilleMaubeuge","schema":{"@context":"https:\/\/schema.org","@graph":[{"@type":"WebPage","@id":"https:\/\/lamallemaubeugeoise.fr\/index.php\/patrimoine-en-ligne\/","url":"https:\/\/lamallemaubeugeoise.fr\/index.php\/patrimoine-en-ligne\/","name":"Malle maubeugeoise - Patrimoine en ligne","isPartOf":{"@id":"https:\/\/lamallemaubeugeoise.fr\/#website"},"datePublished":"2022-09-29T13:23:21+00:00","dateModified":"2023-01-18T15:36:36+00:00","description":"Retrouvez ici le patrimoine de Maubeuge ! B\u00e2timents anciens ou r\u00e9cents, apprenez en plus sur l'architecture de la ville ...","breadcrumb":{"@id":"https:\/\/lamallemaubeugeoise.fr\/index.php\/patrimoine-en-ligne\/#breadcrumb"},"inLanguage":"fr-FR","potentialAction":[{"@type":"ReadAction","target":["https:\/\/lamallemaubeugeoise.fr\/index.php\/patrimoine-en-ligne\/"]}]},{"@type":"BreadcrumbList","@id":"https:\/\/lamallemaubeugeoise.fr\/index.php\/patrimoine-en-ligne\/#breadcrumb","itemListElement":[{"@type":"ListItem","position":1,"name":"Accueil","item":"https:\/\/lamallemaubeugeoise.fr\/"},{"@type":"ListItem","position":2,"name":"Patrimoine en ligne"}]},{"@type":"WebSite","@id":"https:\/\/lamallemaubeugeoise.fr\/#website","url":"https:\/\/lamallemaubeugeoise.fr\/","name":"La Malle maubeugeoise","description":"","publisher":{"@id":"https:\/\/lamallemaubeugeoise.fr\/#organization"},"potentialAction":[{"@type":"SearchAction","target":{"@type":"EntryPoint","urlTemplate":"https:\/\/lamallemaubeugeoise.fr\/?s={search_term_string}"},"query-input":{"@type":"PropertyValueSpecification","valueRequired":true,"valueName":"search_term_string"}}],"inLanguage":"fr-FR"},{"@type":"Organization","@id":"https:\/\/lamallemaubeugeoise.fr\/#organization","name":"La Malle maubeugeoise","url":"https:\/\/lamallemaubeugeoise.fr\/","logo":{"@type":"ImageObject","inLanguage":"fr-FR","@id":"https:\/\/lamallemaubeugeoise.fr\/#\/schema\/logo\/image\/","url":"https:\/\/lamallemaubeugeoise.fr\/wp-content\/uploads\/2022\/09\/logo_culture.png","contentUrl":"https:\/\/lamallemaubeugeoise.fr\/wp-content\/uploads\/2022\/09\/logo_culture.png","width":500,"height":270,"caption":"La Malle maubeugeoise"},"image":{"@id":"https:\/\/lamallemaubeugeoise.fr\/#\/schema\/logo\/image\/"},"sameAs":["https:\/\/www.facebook.com\/VilledeMaubeuge","https:\/\/x.com\/VilleMaubeuge","https:\/\/www.instagram.com\/villedemaubeuge\/","https:\/\/www.linkedin.com\/company\/42902618\/admin\/","https:\/\/www.youtube.com\/channel\/UCqOferEXg9bqKz_6mzrxN4w","https:\/\/t.me\/villeMaubeuge"]}]}},"_links":{"self":[{"href":"https:\/\/lamallemaubeugeoise.fr\/index.php\/wp-json\/wp\/v2\/pages\/622","targetHints":{"allow":["GET"]}}],"collection":[{"href":"https:\/\/lamallemaubeugeoise.fr\/index.php\/wp-json\/wp\/v2\/pages"}],"about":[{"href":"https:\/\/lamallemaubeugeoise.fr\/index.php\/wp-json\/wp\/v2\/types\/page"}],"author":[{"embeddable":true,"href":"https:\/\/lamallemaubeugeoise.fr\/index.php\/wp-json\/wp\/v2\/users\/1"}],"replies":[{"embeddable":true,"href":"https:\/\/lamallemaubeugeoise.fr\/index.php\/wp-json\/wp\/v2\/comments?post=622"}],"version-history":[{"count":36,"href":"https:\/\/lamallemaubeugeoise.fr\/index.php\/wp-json\/wp\/v2\/pages\/622\/revisions"}],"predecessor-version":[{"id":1831,"href":"https:\/\/lamallemaubeugeoise.fr\/index.php\/wp-json\/wp\/v2\/pages\/622\/revisions\/1831"}],"wp:attachment":[{"href":"https:\/\/lamallemaubeugeoise.fr\/index.php\/wp-json\/wp\/v2\/media?parent=622"}],"curies":[{"name":"wp","href":"https:\/\/api.w.org\/{rel}","templated":true}]}}