{"id":92,"date":"2022-09-10T09:09:07","date_gmt":"2022-09-10T09:09:07","guid":{"rendered":"https:\/\/intelligent-chatelet.51-83-109-90.plesk.page\/index.php\/services\/"},"modified":"2023-01-20T12:43:37","modified_gmt":"2023-01-20T11:43:37","slug":"musees","status":"publish","type":"page","link":"https:\/\/lamallemaubeugeoise.fr\/index.php\/musees\/","title":{"rendered":"Mus\u00e9e"},"content":{"rendered":"\t\t<div data-elementor-type=\"wp-page\" data-elementor-id=\"92\" class=\"elementor elementor-92\" data-elementor-post-type=\"page\">\n\t\t\t\t\t\t<section class=\"elementor-section elementor-top-section elementor-element elementor-element-35c79d6 elementor-section-boxed elementor-section-height-default elementor-section-height-default\" data-id=\"35c79d6\" data-element_type=\"section\" data-e-type=\"section\">\n\t\t\t\t\t\t<div class=\"elementor-container elementor-column-gap-default\">\n\t\t\t\t\t<div class=\"elementor-column elementor-col-100 elementor-top-column elementor-element elementor-element-73a2fa0\" data-id=\"73a2fa0\" data-element_type=\"column\" data-e-type=\"column\">\n\t\t\t<div class=\"elementor-widget-wrap elementor-element-populated\">\n\t\t\t\t\t\t<div class=\"elementor-element elementor-element-8ac259e elementor-grid-4 elementor-grid-tablet-2 elementor-grid-mobile-1 elementor-widget elementor-widget-portfolio\" data-id=\"8ac259e\" data-element_type=\"widget\" data-e-type=\"widget\" data-settings=\"{&quot;columns&quot;:&quot;4&quot;,&quot;masonry&quot;:&quot;yes&quot;,&quot;row_gap&quot;:{&quot;unit&quot;:&quot;px&quot;,&quot;size&quot;:5,&quot;sizes&quot;:[]},&quot;columns_tablet&quot;:&quot;2&quot;,&quot;columns_mobile&quot;:&quot;1&quot;,&quot;item_gap&quot;:{&quot;unit&quot;:&quot;px&quot;,&quot;size&quot;:&quot;&quot;,&quot;sizes&quot;:[]}}\" data-widget_type=\"portfolio.default\">\n\t\t\t\t<div class=\"elementor-widget-container\">\n\t\t\t\t\t\t\t<ul class=\"elementor-portfolio__filters\">\n\t\t\t<li class=\"elementor-portfolio__filter elementor-active\" tabindex=\"0\" data-filter=\"__all\">Tout<\/li>\n\t\t\t\t\t\t\t<li class=\"elementor-portfolio__filter\" tabindex=\"0\" data-filter=\"24\">art graphique<\/li>\n\t\t\t\t\t\t\t<li class=\"elementor-portfolio__filter\" tabindex=\"0\" data-filter=\"31\">artiste local<\/li>\n\t\t\t\t\t\t\t<li class=\"elementor-portfolio__filter\" tabindex=\"0\" data-filter=\"21\">c\u00e9ramique<\/li>\n\t\t\t\t\t\t\t<li class=\"elementor-portfolio__filter\" tabindex=\"0\" data-filter=\"20\">gravure<\/li>\n\t\t\t\t\t\t\t<li class=\"elementor-portfolio__filter\" tabindex=\"0\" data-filter=\"45\">illustration<\/li>\n\t\t\t\t\t\t\t<li class=\"elementor-portfolio__filter\" tabindex=\"0\" data-filter=\"25\">objet d&#039;art<\/li>\n\t\t\t\t\t\t\t<li class=\"elementor-portfolio__filter\" tabindex=\"0\" data-filter=\"19\">peinture<\/li>\n\t\t\t\t\t\t\t<li class=\"elementor-portfolio__filter\" tabindex=\"0\" data-filter=\"23\">sculpture<\/li>\n\t\t\t\t\t\t\t<li class=\"elementor-portfolio__filter\" tabindex=\"0\" data-filter=\"30\">\u00e9cole flamande<\/li>\n\t\t\t\t\t<\/ul>\n\t\t\t\t<div class=\"elementor-portfolio elementor-grid elementor-posts-container\" role=\"list\">\n\t\t\t\t<article class=\"elementor-portfolio-item elementor-post elementor-filter-20 elementor-filter-45 post-3158 post type-post status-publish format-standard has-post-thumbnail hentry category-musee tag-gravure tag-illustration\" role=\"listitem\">\n\t\t\t<a class=\"elementor-post__thumbnail__link\" href=\"https:\/\/lamallemaubeugeoise.fr\/index.php\/2024\/09\/03\/la-divine-comedie\/\">\n\t\t\t\t<div class=\"elementor-portfolio-item__img elementor-post__thumbnail\">\n\t\t\t<img fetchpriority=\"high\" decoding=\"async\" width=\"580\" height=\"726\" src=\"https:\/\/lamallemaubeugeoise.fr\/wp-content\/uploads\/2024\/09\/G87113.jpg\" class=\"attachment-large size-large wp-image-3159\" alt=\"\" srcset=\"https:\/\/lamallemaubeugeoise.fr\/wp-content\/uploads\/2024\/09\/G87113.jpg 599w, https:\/\/lamallemaubeugeoise.fr\/wp-content\/uploads\/2024\/09\/G87113-240x300.jpg 240w\" sizes=\"(max-width: 580px) 100vw, 580px\" \/>\t\t<\/div>\n\t\t\t\t<div class=\"elementor-portfolio-item__overlay\">\n\t\t\t\t<h3 class=\"elementor-portfolio-item__title\">\n\t\tLa Divine Com\u00e9die\t\t<\/h3>\n\t\t\t\t<\/div>\n\t\t\t\t<\/a>\n\t\t<\/article>\n\t\t\t\t<article class=\"elementor-portfolio-item elementor-post elementor-filter-23 post-3090 post type-post status-publish format-standard has-post-thumbnail hentry category-musee tag-sculpture\" role=\"listitem\">\n\t\t\t<a class=\"elementor-post__thumbnail__link\" href=\"https:\/\/lamallemaubeugeoise.fr\/index.php\/2023\/05\/10\/enfant-de-pecheur\/\">\n\t\t\t\t<div class=\"elementor-portfolio-item__img elementor-post__thumbnail\">\n\t\t\t<img decoding=\"async\" width=\"580\" height=\"773\" src=\"https:\/\/lamallemaubeugeoise.fr\/wp-content\/uploads\/2023\/05\/@FranckBoucourt_VILLANIS_993-1-4.jpg\" class=\"attachment-large size-large wp-image-3079\" alt=\"\" srcset=\"https:\/\/lamallemaubeugeoise.fr\/wp-content\/uploads\/2023\/05\/@FranckBoucourt_VILLANIS_993-1-4.jpg 600w, https:\/\/lamallemaubeugeoise.fr\/wp-content\/uploads\/2023\/05\/@FranckBoucourt_VILLANIS_993-1-4-225x300.jpg 225w\" sizes=\"(max-width: 580px) 100vw, 580px\" \/>\t\t<\/div>\n\t\t\t\t<div class=\"elementor-portfolio-item__overlay\">\n\t\t\t\t<h3 class=\"elementor-portfolio-item__title\">\n\t\tEnfant de p\u00eacheur\t\t<\/h3>\n\t\t\t\t<\/div>\n\t\t\t\t<\/a>\n\t\t<\/article>\n\t\t\t\t<article class=\"elementor-portfolio-item elementor-post elementor-filter-19 post-3077 post type-post status-publish format-standard has-post-thumbnail hentry category-musee tag-peinture\" role=\"listitem\">\n\t\t\t<a class=\"elementor-post__thumbnail__link\" href=\"https:\/\/lamallemaubeugeoise.fr\/index.php\/2023\/05\/10\/georges-dubut-au-piano\/\">\n\t\t\t\t<div class=\"elementor-portfolio-item__img elementor-post__thumbnail\">\n\t\t\t<img decoding=\"async\" width=\"580\" height=\"656\" src=\"https:\/\/lamallemaubeugeoise.fr\/wp-content\/uploads\/2023\/05\/@FranckBoucourt_DUBUT_957-8-1.jpg\" class=\"attachment-large size-large wp-image-3078\" alt=\"\" srcset=\"https:\/\/lamallemaubeugeoise.fr\/wp-content\/uploads\/2023\/05\/@FranckBoucourt_DUBUT_957-8-1.jpg 707w, https:\/\/lamallemaubeugeoise.fr\/wp-content\/uploads\/2023\/05\/@FranckBoucourt_DUBUT_957-8-1-265x300.jpg 265w\" sizes=\"(max-width: 580px) 100vw, 580px\" \/>\t\t<\/div>\n\t\t\t\t<div class=\"elementor-portfolio-item__overlay\">\n\t\t\t\t<h3 class=\"elementor-portfolio-item__title\">\n\t\tGeorges Dubut au piano\t\t<\/h3>\n\t\t\t\t<\/div>\n\t\t\t\t<\/a>\n\t\t<\/article>\n\t\t\t\t<article class=\"elementor-portfolio-item elementor-post elementor-filter-31 elementor-filter-19 post-1033 post type-post status-publish format-standard has-post-thumbnail hentry category-musee tag-artiste-local tag-peinture\" role=\"listitem\">\n\t\t\t<a class=\"elementor-post__thumbnail__link\" href=\"https:\/\/lamallemaubeugeoise.fr\/index.php\/2022\/10\/18\/vue-de-maubeuge\/\">\n\t\t\t\t<div class=\"elementor-portfolio-item__img elementor-post__thumbnail\">\n\t\t\t<img loading=\"lazy\" decoding=\"async\" width=\"580\" height=\"760\" src=\"https:\/\/lamallemaubeugeoise.fr\/wp-content\/uploads\/2022\/09\/2021-1-9_0010-Redimensionnee-781x1024.jpg\" class=\"attachment-large size-large wp-image-370\" alt=\"Peinture Vue de Maubeuge par Martial Leroux\" srcset=\"https:\/\/lamallemaubeugeoise.fr\/wp-content\/uploads\/2022\/09\/2021-1-9_0010-Redimensionnee-781x1024.jpg 781w, https:\/\/lamallemaubeugeoise.fr\/wp-content\/uploads\/2022\/09\/2021-1-9_0010-Redimensionnee-229x300.jpg 229w, https:\/\/lamallemaubeugeoise.fr\/wp-content\/uploads\/2022\/09\/2021-1-9_0010-Redimensionnee-768x1007.jpg 768w, https:\/\/lamallemaubeugeoise.fr\/wp-content\/uploads\/2022\/09\/2021-1-9_0010-Redimensionnee-1172x1536.jpg 1172w, https:\/\/lamallemaubeugeoise.fr\/wp-content\/uploads\/2022\/09\/2021-1-9_0010-Redimensionnee-1562x2048.jpg 1562w, https:\/\/lamallemaubeugeoise.fr\/wp-content\/uploads\/2022\/09\/2021-1-9_0010-Redimensionnee-1200x1573.jpg 1200w, https:\/\/lamallemaubeugeoise.fr\/wp-content\/uploads\/2022\/09\/2021-1-9_0010-Redimensionnee.jpg 1920w\" sizes=\"(max-width: 580px) 100vw, 580px\" \/>\t\t<\/div>\n\t\t\t\t<div class=\"elementor-portfolio-item__overlay\">\n\t\t\t\t<h3 class=\"elementor-portfolio-item__title\">\n\t\tVue de Maubeuge\t\t<\/h3>\n\t\t\t\t<\/div>\n\t\t\t\t<\/a>\n\t\t<\/article>\n\t\t\t\t<article class=\"elementor-portfolio-item elementor-post elementor-filter-24 elementor-filter-31 post-1029 post type-post status-publish format-standard has-post-thumbnail hentry category-musee tag-art-graphique tag-artiste-local\" role=\"listitem\">\n\t\t\t<a class=\"elementor-post__thumbnail__link\" href=\"https:\/\/lamallemaubeugeoise.fr\/index.php\/2022\/10\/18\/clown\/\">\n\t\t\t\t<div class=\"elementor-portfolio-item__img elementor-post__thumbnail\">\n\t\t\t<img loading=\"lazy\" decoding=\"async\" width=\"580\" height=\"780\" src=\"https:\/\/lamallemaubeugeoise.fr\/wp-content\/uploads\/2022\/09\/951-5-2-Redimensionnee-761x1024.jpg\" class=\"attachment-large size-large wp-image-348\" alt=\"Clown par Debi\u00e8ve\" srcset=\"https:\/\/lamallemaubeugeoise.fr\/wp-content\/uploads\/2022\/09\/951-5-2-Redimensionnee-761x1024.jpg 761w, https:\/\/lamallemaubeugeoise.fr\/wp-content\/uploads\/2022\/09\/951-5-2-Redimensionnee-223x300.jpg 223w, https:\/\/lamallemaubeugeoise.fr\/wp-content\/uploads\/2022\/09\/951-5-2-Redimensionnee-768x1033.jpg 768w, https:\/\/lamallemaubeugeoise.fr\/wp-content\/uploads\/2022\/09\/951-5-2-Redimensionnee-1142x1536.jpg 1142w, https:\/\/lamallemaubeugeoise.fr\/wp-content\/uploads\/2022\/09\/951-5-2-Redimensionnee-1522x2048.jpg 1522w, https:\/\/lamallemaubeugeoise.fr\/wp-content\/uploads\/2022\/09\/951-5-2-Redimensionnee-1200x1614.jpg 1200w, https:\/\/lamallemaubeugeoise.fr\/wp-content\/uploads\/2022\/09\/951-5-2-Redimensionnee-scaled.jpg 1903w\" sizes=\"(max-width: 580px) 100vw, 580px\" \/>\t\t<\/div>\n\t\t\t\t<div class=\"elementor-portfolio-item__overlay\">\n\t\t\t\t<h3 class=\"elementor-portfolio-item__title\">\n\t\tClown\t\t<\/h3>\n\t\t\t\t<\/div>\n\t\t\t\t<\/a>\n\t\t<\/article>\n\t\t\t\t<article class=\"elementor-portfolio-item elementor-post elementor-filter-24 post-1025 post type-post status-publish format-standard has-post-thumbnail hentry category-musee tag-art-graphique\" role=\"listitem\">\n\t\t\t<a class=\"elementor-post__thumbnail__link\" href=\"https:\/\/lamallemaubeugeoise.fr\/index.php\/2022\/10\/18\/la-soupe\/\">\n\t\t\t\t<div class=\"elementor-portfolio-item__img elementor-post__thumbnail\">\n\t\t\t<img loading=\"lazy\" decoding=\"async\" width=\"580\" height=\"470\" src=\"https:\/\/lamallemaubeugeoise.fr\/wp-content\/uploads\/2022\/09\/949-6-2-Redimensionnee-Redimensionnee-1024x830.jpg\" class=\"attachment-large size-large wp-image-341\" alt=\"La soupe par Jean Lur\u00e7at\" srcset=\"https:\/\/lamallemaubeugeoise.fr\/wp-content\/uploads\/2022\/09\/949-6-2-Redimensionnee-Redimensionnee-1024x830.jpg 1024w, https:\/\/lamallemaubeugeoise.fr\/wp-content\/uploads\/2022\/09\/949-6-2-Redimensionnee-Redimensionnee-300x243.jpg 300w, https:\/\/lamallemaubeugeoise.fr\/wp-content\/uploads\/2022\/09\/949-6-2-Redimensionnee-Redimensionnee-768x623.jpg 768w, https:\/\/lamallemaubeugeoise.fr\/wp-content\/uploads\/2022\/09\/949-6-2-Redimensionnee-Redimensionnee-1536x1246.jpg 1536w, https:\/\/lamallemaubeugeoise.fr\/wp-content\/uploads\/2022\/09\/949-6-2-Redimensionnee-Redimensionnee-1200x973.jpg 1200w, https:\/\/lamallemaubeugeoise.fr\/wp-content\/uploads\/2022\/09\/949-6-2-Redimensionnee-Redimensionnee.jpg 1920w\" sizes=\"(max-width: 580px) 100vw, 580px\" \/>\t\t<\/div>\n\t\t\t\t<div class=\"elementor-portfolio-item__overlay\">\n\t\t\t\t<h3 class=\"elementor-portfolio-item__title\">\n\t\tLa Soupe\t\t<\/h3>\n\t\t\t\t<\/div>\n\t\t\t\t<\/a>\n\t\t<\/article>\n\t\t\t\t<article class=\"elementor-portfolio-item elementor-post elementor-filter-19 post-1021 post type-post status-publish format-standard has-post-thumbnail hentry category-musee tag-peinture\" role=\"listitem\">\n\t\t\t<a class=\"elementor-post__thumbnail__link\" href=\"https:\/\/lamallemaubeugeoise.fr\/index.php\/2022\/10\/18\/la-loge\/\">\n\t\t\t\t<div class=\"elementor-portfolio-item__img elementor-post__thumbnail\">\n\t\t\t<img loading=\"lazy\" decoding=\"async\" width=\"580\" height=\"670\" src=\"https:\/\/lamallemaubeugeoise.fr\/wp-content\/uploads\/2022\/09\/935-3-2_0096modif5-Redimensionnee-Redimensionnee-886x1024.jpg\" class=\"attachment-large size-large wp-image-336\" alt=\"La Loge par Rosset-Granger\" srcset=\"https:\/\/lamallemaubeugeoise.fr\/wp-content\/uploads\/2022\/09\/935-3-2_0096modif5-Redimensionnee-Redimensionnee-886x1024.jpg 886w, https:\/\/lamallemaubeugeoise.fr\/wp-content\/uploads\/2022\/09\/935-3-2_0096modif5-Redimensionnee-Redimensionnee-260x300.jpg 260w, https:\/\/lamallemaubeugeoise.fr\/wp-content\/uploads\/2022\/09\/935-3-2_0096modif5-Redimensionnee-Redimensionnee-768x887.jpg 768w, https:\/\/lamallemaubeugeoise.fr\/wp-content\/uploads\/2022\/09\/935-3-2_0096modif5-Redimensionnee-Redimensionnee-1330x1536.jpg 1330w, https:\/\/lamallemaubeugeoise.fr\/wp-content\/uploads\/2022\/09\/935-3-2_0096modif5-Redimensionnee-Redimensionnee-1773x2048.jpg 1773w, https:\/\/lamallemaubeugeoise.fr\/wp-content\/uploads\/2022\/09\/935-3-2_0096modif5-Redimensionnee-Redimensionnee-1200x1386.jpg 1200w, https:\/\/lamallemaubeugeoise.fr\/wp-content\/uploads\/2022\/09\/935-3-2_0096modif5-Redimensionnee-Redimensionnee.jpg 1920w\" sizes=\"(max-width: 580px) 100vw, 580px\" \/>\t\t<\/div>\n\t\t\t\t<div class=\"elementor-portfolio-item__overlay\">\n\t\t\t\t<h3 class=\"elementor-portfolio-item__title\">\n\t\tLa Loge\t\t<\/h3>\n\t\t\t\t<\/div>\n\t\t\t\t<\/a>\n\t\t<\/article>\n\t\t\t\t<article class=\"elementor-portfolio-item elementor-post elementor-filter-19 post-1017 post type-post status-publish format-standard has-post-thumbnail hentry category-musee tag-peinture\" role=\"listitem\">\n\t\t\t<a class=\"elementor-post__thumbnail__link\" href=\"https:\/\/lamallemaubeugeoise.fr\/index.php\/2022\/10\/18\/portrait-de-lepouse-de-lartiste\/\">\n\t\t\t\t<div class=\"elementor-portfolio-item__img elementor-post__thumbnail\">\n\t\t\t<img loading=\"lazy\" decoding=\"async\" width=\"580\" height=\"707\" src=\"https:\/\/lamallemaubeugeoise.fr\/wp-content\/uploads\/2022\/09\/978-4-1_0216modif3-Redimensionnee-840x1024.jpg\" class=\"attachment-large size-large wp-image-362\" alt=\"Portrait de l&#039;\u00e9pouse de l&#039;artiste par Besnard\" srcset=\"https:\/\/lamallemaubeugeoise.fr\/wp-content\/uploads\/2022\/09\/978-4-1_0216modif3-Redimensionnee-840x1024.jpg 840w, https:\/\/lamallemaubeugeoise.fr\/wp-content\/uploads\/2022\/09\/978-4-1_0216modif3-Redimensionnee-246x300.jpg 246w, https:\/\/lamallemaubeugeoise.fr\/wp-content\/uploads\/2022\/09\/978-4-1_0216modif3-Redimensionnee-768x936.jpg 768w, https:\/\/lamallemaubeugeoise.fr\/wp-content\/uploads\/2022\/09\/978-4-1_0216modif3-Redimensionnee-1260x1536.jpg 1260w, https:\/\/lamallemaubeugeoise.fr\/wp-content\/uploads\/2022\/09\/978-4-1_0216modif3-Redimensionnee-1680x2048.jpg 1680w, https:\/\/lamallemaubeugeoise.fr\/wp-content\/uploads\/2022\/09\/978-4-1_0216modif3-Redimensionnee-1200x1463.jpg 1200w, https:\/\/lamallemaubeugeoise.fr\/wp-content\/uploads\/2022\/09\/978-4-1_0216modif3-Redimensionnee.jpg 1920w\" sizes=\"(max-width: 580px) 100vw, 580px\" \/>\t\t<\/div>\n\t\t\t\t<div class=\"elementor-portfolio-item__overlay\">\n\t\t\t\t<h3 class=\"elementor-portfolio-item__title\">\n\t\tPortrait de l\u2019\u00e9pouse de l\u2019artiste\t\t<\/h3>\n\t\t\t\t<\/div>\n\t\t\t\t<\/a>\n\t\t<\/article>\n\t\t\t\t<article class=\"elementor-portfolio-item elementor-post elementor-filter-19 post-1013 post type-post status-publish format-standard has-post-thumbnail hentry category-musee tag-peinture\" role=\"listitem\">\n\t\t\t<a class=\"elementor-post__thumbnail__link\" href=\"https:\/\/lamallemaubeugeoise.fr\/index.php\/2022\/10\/18\/portrait-de-charles-x\/\">\n\t\t\t\t<div class=\"elementor-portfolio-item__img elementor-post__thumbnail\">\n\t\t\t<img loading=\"lazy\" decoding=\"async\" width=\"580\" height=\"670\" src=\"https:\/\/lamallemaubeugeoise.fr\/wp-content\/uploads\/2022\/09\/961-2-1_0008modif4-Redimensionnee-886x1024.jpg\" class=\"attachment-large size-large wp-image-352\" alt=\"Portrait de Charles X par Rouget\" srcset=\"https:\/\/lamallemaubeugeoise.fr\/wp-content\/uploads\/2022\/09\/961-2-1_0008modif4-Redimensionnee-886x1024.jpg 886w, https:\/\/lamallemaubeugeoise.fr\/wp-content\/uploads\/2022\/09\/961-2-1_0008modif4-Redimensionnee-259x300.jpg 259w, https:\/\/lamallemaubeugeoise.fr\/wp-content\/uploads\/2022\/09\/961-2-1_0008modif4-Redimensionnee-768x888.jpg 768w, https:\/\/lamallemaubeugeoise.fr\/wp-content\/uploads\/2022\/09\/961-2-1_0008modif4-Redimensionnee-1328x1536.jpg 1328w, https:\/\/lamallemaubeugeoise.fr\/wp-content\/uploads\/2022\/09\/961-2-1_0008modif4-Redimensionnee-1771x2048.jpg 1771w, https:\/\/lamallemaubeugeoise.fr\/wp-content\/uploads\/2022\/09\/961-2-1_0008modif4-Redimensionnee-1200x1388.jpg 1200w, https:\/\/lamallemaubeugeoise.fr\/wp-content\/uploads\/2022\/09\/961-2-1_0008modif4-Redimensionnee.jpg 1920w\" sizes=\"(max-width: 580px) 100vw, 580px\" \/>\t\t<\/div>\n\t\t\t\t<div class=\"elementor-portfolio-item__overlay\">\n\t\t\t\t<h3 class=\"elementor-portfolio-item__title\">\n\t\tPortrait de Charles X\t\t<\/h3>\n\t\t\t\t<\/div>\n\t\t\t\t<\/a>\n\t\t<\/article>\n\t\t\t\t<article class=\"elementor-portfolio-item elementor-post elementor-filter-19 post-1009 post type-post status-publish format-standard has-post-thumbnail hentry category-musee tag-peinture\" role=\"listitem\">\n\t\t\t<a class=\"elementor-post__thumbnail__link\" href=\"https:\/\/lamallemaubeugeoise.fr\/index.php\/2022\/10\/18\/portrait-de-femme\/\">\n\t\t\t\t<div class=\"elementor-portfolio-item__img elementor-post__thumbnail\">\n\t\t\t<img loading=\"lazy\" decoding=\"async\" width=\"580\" height=\"846\" src=\"https:\/\/lamallemaubeugeoise.fr\/wp-content\/uploads\/2022\/09\/950-1-3_0225-Redimensionnee-702x1024.jpg\" class=\"attachment-large size-large wp-image-347\" alt=\"Portrait de femme par Campigli\" srcset=\"https:\/\/lamallemaubeugeoise.fr\/wp-content\/uploads\/2022\/09\/950-1-3_0225-Redimensionnee-702x1024.jpg 702w, https:\/\/lamallemaubeugeoise.fr\/wp-content\/uploads\/2022\/09\/950-1-3_0225-Redimensionnee-206x300.jpg 206w, https:\/\/lamallemaubeugeoise.fr\/wp-content\/uploads\/2022\/09\/950-1-3_0225-Redimensionnee-768x1120.jpg 768w, https:\/\/lamallemaubeugeoise.fr\/wp-content\/uploads\/2022\/09\/950-1-3_0225-Redimensionnee-1054x1536.jpg 1054w, https:\/\/lamallemaubeugeoise.fr\/wp-content\/uploads\/2022\/09\/950-1-3_0225-Redimensionnee-1405x2048.jpg 1405w, https:\/\/lamallemaubeugeoise.fr\/wp-content\/uploads\/2022\/09\/950-1-3_0225-Redimensionnee-1200x1749.jpg 1200w, https:\/\/lamallemaubeugeoise.fr\/wp-content\/uploads\/2022\/09\/950-1-3_0225-Redimensionnee-scaled.jpg 1756w\" sizes=\"(max-width: 580px) 100vw, 580px\" \/>\t\t<\/div>\n\t\t\t\t<div class=\"elementor-portfolio-item__overlay\">\n\t\t\t\t<h3 class=\"elementor-portfolio-item__title\">\n\t\tPortrait de femme\t\t<\/h3>\n\t\t\t\t<\/div>\n\t\t\t\t<\/a>\n\t\t<\/article>\n\t\t\t\t<article class=\"elementor-portfolio-item elementor-post elementor-filter-30 elementor-filter-19 post-1005 post type-post status-publish format-standard has-post-thumbnail hentry category-musee tag-ecole-flamande tag-peinture\" role=\"listitem\">\n\t\t\t<a class=\"elementor-post__thumbnail__link\" href=\"https:\/\/lamallemaubeugeoise.fr\/index.php\/2022\/10\/18\/pieta\/\">\n\t\t\t\t<div class=\"elementor-portfolio-item__img elementor-post__thumbnail\">\n\t\t\t<img loading=\"lazy\" decoding=\"async\" width=\"580\" height=\"773\" src=\"https:\/\/lamallemaubeugeoise.fr\/wp-content\/uploads\/2022\/09\/963-11-1_modif-Redimensionnee-768x1024.jpg\" class=\"attachment-large size-large wp-image-353\" alt=\"Peinture Pi\u00e9ta par le Ma\u00eetre du Fils Prodigue\" srcset=\"https:\/\/lamallemaubeugeoise.fr\/wp-content\/uploads\/2022\/09\/963-11-1_modif-Redimensionnee-768x1024.jpg 768w, https:\/\/lamallemaubeugeoise.fr\/wp-content\/uploads\/2022\/09\/963-11-1_modif-Redimensionnee-225x300.jpg 225w, https:\/\/lamallemaubeugeoise.fr\/wp-content\/uploads\/2022\/09\/963-11-1_modif-Redimensionnee-1152x1536.jpg 1152w, https:\/\/lamallemaubeugeoise.fr\/wp-content\/uploads\/2022\/09\/963-11-1_modif-Redimensionnee-1537x2048.jpg 1537w, https:\/\/lamallemaubeugeoise.fr\/wp-content\/uploads\/2022\/09\/963-11-1_modif-Redimensionnee-1200x1599.jpg 1200w, https:\/\/lamallemaubeugeoise.fr\/wp-content\/uploads\/2022\/09\/963-11-1_modif-Redimensionnee.jpg 1920w\" sizes=\"(max-width: 580px) 100vw, 580px\" \/>\t\t<\/div>\n\t\t\t\t<div class=\"elementor-portfolio-item__overlay\">\n\t\t\t\t<h3 class=\"elementor-portfolio-item__title\">\n\t\tPi\u00e9ta\t\t<\/h3>\n\t\t\t\t<\/div>\n\t\t\t\t<\/a>\n\t\t<\/article>\n\t\t\t\t<article class=\"elementor-portfolio-item elementor-post elementor-filter-30 elementor-filter-19 post-1001 post type-post status-publish format-standard has-post-thumbnail hentry category-musee tag-ecole-flamande tag-peinture\" role=\"listitem\">\n\t\t\t<a class=\"elementor-post__thumbnail__link\" href=\"https:\/\/lamallemaubeugeoise.fr\/index.php\/2022\/10\/18\/nature-morte\/\">\n\t\t\t\t<div class=\"elementor-portfolio-item__img elementor-post__thumbnail\">\n\t\t\t<img loading=\"lazy\" decoding=\"async\" width=\"580\" height=\"428\" src=\"https:\/\/lamallemaubeugeoise.fr\/wp-content\/uploads\/2022\/09\/937-3-11_0267-Redimensionnee-Redimensionnee-1024x756.jpg\" class=\"attachment-large size-large wp-image-338\" alt=\"Nature morte\" srcset=\"https:\/\/lamallemaubeugeoise.fr\/wp-content\/uploads\/2022\/09\/937-3-11_0267-Redimensionnee-Redimensionnee-1024x756.jpg 1024w, https:\/\/lamallemaubeugeoise.fr\/wp-content\/uploads\/2022\/09\/937-3-11_0267-Redimensionnee-Redimensionnee-300x222.jpg 300w, https:\/\/lamallemaubeugeoise.fr\/wp-content\/uploads\/2022\/09\/937-3-11_0267-Redimensionnee-Redimensionnee-768x567.jpg 768w, https:\/\/lamallemaubeugeoise.fr\/wp-content\/uploads\/2022\/09\/937-3-11_0267-Redimensionnee-Redimensionnee-1536x1134.jpg 1536w, https:\/\/lamallemaubeugeoise.fr\/wp-content\/uploads\/2022\/09\/937-3-11_0267-Redimensionnee-Redimensionnee-1200x886.jpg 1200w, https:\/\/lamallemaubeugeoise.fr\/wp-content\/uploads\/2022\/09\/937-3-11_0267-Redimensionnee-Redimensionnee.jpg 1920w\" sizes=\"(max-width: 580px) 100vw, 580px\" \/>\t\t<\/div>\n\t\t\t\t<div class=\"elementor-portfolio-item__overlay\">\n\t\t\t\t<h3 class=\"elementor-portfolio-item__title\">\n\t\tNature morte\t\t<\/h3>\n\t\t\t\t<\/div>\n\t\t\t\t<\/a>\n\t\t<\/article>\n\t\t\t\t<article class=\"elementor-portfolio-item elementor-post elementor-filter-30 elementor-filter-19 post-997 post type-post status-publish format-standard has-post-thumbnail hentry category-musee tag-ecole-flamande tag-peinture\" role=\"listitem\">\n\t\t\t<a class=\"elementor-post__thumbnail__link\" href=\"https:\/\/lamallemaubeugeoise.fr\/index.php\/2022\/10\/18\/vanite-cogita-morie\/\">\n\t\t\t\t<div class=\"elementor-portfolio-item__img elementor-post__thumbnail\">\n\t\t\t<img loading=\"lazy\" decoding=\"async\" width=\"580\" height=\"445\" src=\"https:\/\/lamallemaubeugeoise.fr\/wp-content\/uploads\/2022\/09\/937-3-1_0266-Redimensionnee-Redimensionnee-1024x786.jpg\" class=\"attachment-large size-large wp-image-337\" alt=\"Vanit\u00e9-Cogita Morie\" srcset=\"https:\/\/lamallemaubeugeoise.fr\/wp-content\/uploads\/2022\/09\/937-3-1_0266-Redimensionnee-Redimensionnee-1024x786.jpg 1024w, https:\/\/lamallemaubeugeoise.fr\/wp-content\/uploads\/2022\/09\/937-3-1_0266-Redimensionnee-Redimensionnee-300x230.jpg 300w, https:\/\/lamallemaubeugeoise.fr\/wp-content\/uploads\/2022\/09\/937-3-1_0266-Redimensionnee-Redimensionnee-768x589.jpg 768w, https:\/\/lamallemaubeugeoise.fr\/wp-content\/uploads\/2022\/09\/937-3-1_0266-Redimensionnee-Redimensionnee-1536x1178.jpg 1536w, https:\/\/lamallemaubeugeoise.fr\/wp-content\/uploads\/2022\/09\/937-3-1_0266-Redimensionnee-Redimensionnee-1200x921.jpg 1200w, https:\/\/lamallemaubeugeoise.fr\/wp-content\/uploads\/2022\/09\/937-3-1_0266-Redimensionnee-Redimensionnee.jpg 1920w\" sizes=\"(max-width: 580px) 100vw, 580px\" \/>\t\t<\/div>\n\t\t\t\t<div class=\"elementor-portfolio-item__overlay\">\n\t\t\t\t<h3 class=\"elementor-portfolio-item__title\">\n\t\tVanit\u00e9 \u2013 Cogita Morie\t\t<\/h3>\n\t\t\t\t<\/div>\n\t\t\t\t<\/a>\n\t\t<\/article>\n\t\t\t\t<article class=\"elementor-portfolio-item elementor-post elementor-filter-19 post-990 post type-post status-publish format-standard has-post-thumbnail hentry category-musee tag-peinture\" role=\"listitem\">\n\t\t\t<a class=\"elementor-post__thumbnail__link\" href=\"https:\/\/lamallemaubeugeoise.fr\/index.php\/2022\/10\/18\/les-chomeurs-dapres-rembrandt\/\">\n\t\t\t\t<div class=\"elementor-portfolio-item__img elementor-post__thumbnail\">\n\t\t\t<img loading=\"lazy\" decoding=\"async\" width=\"580\" height=\"434\" src=\"https:\/\/lamallemaubeugeoise.fr\/wp-content\/uploads\/2022\/09\/995-4-4_0305-Redimensionnee-1024x766.jpg\" class=\"attachment-large size-large wp-image-369\" alt=\"Les ch\u00f4meurs par Braun-Vega\" srcset=\"https:\/\/lamallemaubeugeoise.fr\/wp-content\/uploads\/2022\/09\/995-4-4_0305-Redimensionnee-1024x766.jpg 1024w, https:\/\/lamallemaubeugeoise.fr\/wp-content\/uploads\/2022\/09\/995-4-4_0305-Redimensionnee-300x224.jpg 300w, https:\/\/lamallemaubeugeoise.fr\/wp-content\/uploads\/2022\/09\/995-4-4_0305-Redimensionnee-768x574.jpg 768w, https:\/\/lamallemaubeugeoise.fr\/wp-content\/uploads\/2022\/09\/995-4-4_0305-Redimensionnee-1536x1149.jpg 1536w, https:\/\/lamallemaubeugeoise.fr\/wp-content\/uploads\/2022\/09\/995-4-4_0305-Redimensionnee-1200x898.jpg 1200w, https:\/\/lamallemaubeugeoise.fr\/wp-content\/uploads\/2022\/09\/995-4-4_0305-Redimensionnee.jpg 1920w\" sizes=\"(max-width: 580px) 100vw, 580px\" \/>\t\t<\/div>\n\t\t\t\t<div class=\"elementor-portfolio-item__overlay\">\n\t\t\t\t<h3 class=\"elementor-portfolio-item__title\">\n\t\tLes Ch\u00f4meurs (d\u2019apr\u00e8s Rembrandt)\t\t<\/h3>\n\t\t\t\t<\/div>\n\t\t\t\t<\/a>\n\t\t<\/article>\n\t\t\t\t<article class=\"elementor-portfolio-item elementor-post elementor-filter-23 post-986 post type-post status-publish format-standard has-post-thumbnail hentry category-musee tag-sculpture\" role=\"listitem\">\n\t\t\t<a class=\"elementor-post__thumbnail__link\" href=\"https:\/\/lamallemaubeugeoise.fr\/index.php\/2022\/10\/18\/guerrier-gaulois-ou-vercingetorix\/\">\n\t\t\t\t<div class=\"elementor-portfolio-item__img elementor-post__thumbnail\">\n\t\t\t<img loading=\"lazy\" decoding=\"async\" width=\"580\" height=\"773\" src=\"https:\/\/lamallemaubeugeoise.fr\/wp-content\/uploads\/2022\/09\/993-1-14_0143-Redimensionnee-768x1024.jpg\" class=\"attachment-large size-large wp-image-368\" alt=\"Sculpture Guerrier Gaulois ou Vercing\u00e9torix par Debut\" srcset=\"https:\/\/lamallemaubeugeoise.fr\/wp-content\/uploads\/2022\/09\/993-1-14_0143-Redimensionnee-768x1024.jpg 768w, https:\/\/lamallemaubeugeoise.fr\/wp-content\/uploads\/2022\/09\/993-1-14_0143-Redimensionnee-225x300.jpg 225w, https:\/\/lamallemaubeugeoise.fr\/wp-content\/uploads\/2022\/09\/993-1-14_0143-Redimensionnee-1152x1536.jpg 1152w, https:\/\/lamallemaubeugeoise.fr\/wp-content\/uploads\/2022\/09\/993-1-14_0143-Redimensionnee-1537x2048.jpg 1537w, https:\/\/lamallemaubeugeoise.fr\/wp-content\/uploads\/2022\/09\/993-1-14_0143-Redimensionnee-1200x1599.jpg 1200w, https:\/\/lamallemaubeugeoise.fr\/wp-content\/uploads\/2022\/09\/993-1-14_0143-Redimensionnee.jpg 1920w\" sizes=\"(max-width: 580px) 100vw, 580px\" \/>\t\t<\/div>\n\t\t\t\t<div class=\"elementor-portfolio-item__overlay\">\n\t\t\t\t<h3 class=\"elementor-portfolio-item__title\">\n\t\tGuerrier gaulois ou Vercing\u00e9torix\t\t<\/h3>\n\t\t\t\t<\/div>\n\t\t\t\t<\/a>\n\t\t<\/article>\n\t\t\t\t<article class=\"elementor-portfolio-item elementor-post elementor-filter-19 post-982 post type-post status-publish format-standard has-post-thumbnail hentry category-musee tag-peinture\" role=\"listitem\">\n\t\t\t<a class=\"elementor-post__thumbnail__link\" href=\"https:\/\/lamallemaubeugeoise.fr\/index.php\/2022\/10\/18\/le-sphinx-et-la-grande-pyramide\/\">\n\t\t\t\t<div class=\"elementor-portfolio-item__img elementor-post__thumbnail\">\n\t\t\t<img loading=\"lazy\" decoding=\"async\" width=\"580\" height=\"429\" src=\"https:\/\/lamallemaubeugeoise.fr\/wp-content\/uploads\/2022\/09\/978-6-1_0486modif1-Redimensionnee-1024x758.jpg\" class=\"attachment-large size-large wp-image-364\" alt=\"Peinture Le Sphinx et la Grand Pyramide par Leroy\" srcset=\"https:\/\/lamallemaubeugeoise.fr\/wp-content\/uploads\/2022\/09\/978-6-1_0486modif1-Redimensionnee-1024x758.jpg 1024w, https:\/\/lamallemaubeugeoise.fr\/wp-content\/uploads\/2022\/09\/978-6-1_0486modif1-Redimensionnee-300x222.jpg 300w, https:\/\/lamallemaubeugeoise.fr\/wp-content\/uploads\/2022\/09\/978-6-1_0486modif1-Redimensionnee-768x569.jpg 768w, https:\/\/lamallemaubeugeoise.fr\/wp-content\/uploads\/2022\/09\/978-6-1_0486modif1-Redimensionnee-1536x1138.jpg 1536w, https:\/\/lamallemaubeugeoise.fr\/wp-content\/uploads\/2022\/09\/978-6-1_0486modif1-Redimensionnee-1200x889.jpg 1200w, https:\/\/lamallemaubeugeoise.fr\/wp-content\/uploads\/2022\/09\/978-6-1_0486modif1-Redimensionnee.jpg 1920w\" sizes=\"(max-width: 580px) 100vw, 580px\" \/>\t\t<\/div>\n\t\t\t\t<div class=\"elementor-portfolio-item__overlay\">\n\t\t\t\t<h3 class=\"elementor-portfolio-item__title\">\n\t\tLe Sphinx et la Grande Pyramide\t\t<\/h3>\n\t\t\t\t<\/div>\n\t\t\t\t<\/a>\n\t\t<\/article>\n\t\t\t\t<article class=\"elementor-portfolio-item elementor-post elementor-filter-19 post-978 post type-post status-publish format-standard has-post-thumbnail hentry category-musee tag-peinture\" role=\"listitem\">\n\t\t\t<a class=\"elementor-post__thumbnail__link\" href=\"https:\/\/lamallemaubeugeoise.fr\/index.php\/2022\/10\/18\/allegorie\/\">\n\t\t\t\t<div class=\"elementor-portfolio-item__img elementor-post__thumbnail\">\n\t\t\t<img loading=\"lazy\" decoding=\"async\" width=\"580\" height=\"584\" src=\"https:\/\/lamallemaubeugeoise.fr\/wp-content\/uploads\/2022\/09\/978-5-2_0243modif2-Redimensionnee-1017x1024.jpg\" class=\"attachment-large size-large wp-image-363\" alt=\"Peinture All\u00e9gorie par Grund\" srcset=\"https:\/\/lamallemaubeugeoise.fr\/wp-content\/uploads\/2022\/09\/978-5-2_0243modif2-Redimensionnee-1017x1024.jpg 1017w, https:\/\/lamallemaubeugeoise.fr\/wp-content\/uploads\/2022\/09\/978-5-2_0243modif2-Redimensionnee-298x300.jpg 298w, https:\/\/lamallemaubeugeoise.fr\/wp-content\/uploads\/2022\/09\/978-5-2_0243modif2-Redimensionnee-150x150.jpg 150w, https:\/\/lamallemaubeugeoise.fr\/wp-content\/uploads\/2022\/09\/978-5-2_0243modif2-Redimensionnee-768x774.jpg 768w, https:\/\/lamallemaubeugeoise.fr\/wp-content\/uploads\/2022\/09\/978-5-2_0243modif2-Redimensionnee-1525x1536.jpg 1525w, https:\/\/lamallemaubeugeoise.fr\/wp-content\/uploads\/2022\/09\/978-5-2_0243modif2-Redimensionnee-1200x1209.jpg 1200w, https:\/\/lamallemaubeugeoise.fr\/wp-content\/uploads\/2022\/09\/978-5-2_0243modif2-Redimensionnee.jpg 1920w\" sizes=\"(max-width: 580px) 100vw, 580px\" \/>\t\t<\/div>\n\t\t\t\t<div class=\"elementor-portfolio-item__overlay\">\n\t\t\t\t<h3 class=\"elementor-portfolio-item__title\">\n\t\tAll\u00e9gorie\t\t<\/h3>\n\t\t\t\t<\/div>\n\t\t\t\t<\/a>\n\t\t<\/article>\n\t\t\t\t<article class=\"elementor-portfolio-item elementor-post elementor-filter-19 post-974 post type-post status-publish format-standard has-post-thumbnail hentry category-musee tag-peinture\" role=\"listitem\">\n\t\t\t<a class=\"elementor-post__thumbnail__link\" href=\"https:\/\/lamallemaubeugeoise.fr\/index.php\/2022\/10\/18\/interieur-de-la-basilique-saint-marc-de-venise\/\">\n\t\t\t\t<div class=\"elementor-portfolio-item__img elementor-post__thumbnail\">\n\t\t\t<img loading=\"lazy\" decoding=\"async\" width=\"580\" height=\"831\" src=\"https:\/\/lamallemaubeugeoise.fr\/wp-content\/uploads\/2022\/09\/978-2-1_0332-Redimensionnee-715x1024.jpg\" class=\"attachment-large size-large wp-image-355\" alt=\"Int\u00e9rieur de la basilique Saint-Marc de Venise par Leroy\" srcset=\"https:\/\/lamallemaubeugeoise.fr\/wp-content\/uploads\/2022\/09\/978-2-1_0332-Redimensionnee-715x1024.jpg 715w, https:\/\/lamallemaubeugeoise.fr\/wp-content\/uploads\/2022\/09\/978-2-1_0332-Redimensionnee-209x300.jpg 209w, https:\/\/lamallemaubeugeoise.fr\/wp-content\/uploads\/2022\/09\/978-2-1_0332-Redimensionnee-768x1100.jpg 768w, https:\/\/lamallemaubeugeoise.fr\/wp-content\/uploads\/2022\/09\/978-2-1_0332-Redimensionnee-1072x1536.jpg 1072w, https:\/\/lamallemaubeugeoise.fr\/wp-content\/uploads\/2022\/09\/978-2-1_0332-Redimensionnee-1430x2048.jpg 1430w, https:\/\/lamallemaubeugeoise.fr\/wp-content\/uploads\/2022\/09\/978-2-1_0332-Redimensionnee-1200x1719.jpg 1200w, https:\/\/lamallemaubeugeoise.fr\/wp-content\/uploads\/2022\/09\/978-2-1_0332-Redimensionnee-scaled.jpg 1787w\" sizes=\"(max-width: 580px) 100vw, 580px\" \/>\t\t<\/div>\n\t\t\t\t<div class=\"elementor-portfolio-item__overlay\">\n\t\t\t\t<h3 class=\"elementor-portfolio-item__title\">\n\t\tInt\u00e9rieur de la Basilique Saint-Marc de Venise\t\t<\/h3>\n\t\t\t\t<\/div>\n\t\t\t\t<\/a>\n\t\t<\/article>\n\t\t\t\t<article class=\"elementor-portfolio-item elementor-post elementor-filter-24 post-970 post type-post status-publish format-standard has-post-thumbnail hentry category-musee tag-art-graphique\" role=\"listitem\">\n\t\t\t<a class=\"elementor-post__thumbnail__link\" href=\"https:\/\/lamallemaubeugeoise.fr\/index.php\/2022\/10\/18\/le-jugement-de-paris\/\">\n\t\t\t\t<div class=\"elementor-portfolio-item__img elementor-post__thumbnail\">\n\t\t\t<img loading=\"lazy\" decoding=\"async\" width=\"580\" height=\"469\" src=\"https:\/\/lamallemaubeugeoise.fr\/wp-content\/uploads\/2022\/09\/964-15-1-Redimensionnee-1024x828.jpg\" class=\"attachment-large size-large wp-image-354\" alt=\"Le jugement de P\u00e2ris par Simons\" srcset=\"https:\/\/lamallemaubeugeoise.fr\/wp-content\/uploads\/2022\/09\/964-15-1-Redimensionnee-1024x828.jpg 1024w, https:\/\/lamallemaubeugeoise.fr\/wp-content\/uploads\/2022\/09\/964-15-1-Redimensionnee-300x243.jpg 300w, https:\/\/lamallemaubeugeoise.fr\/wp-content\/uploads\/2022\/09\/964-15-1-Redimensionnee-768x621.jpg 768w, https:\/\/lamallemaubeugeoise.fr\/wp-content\/uploads\/2022\/09\/964-15-1-Redimensionnee-1536x1242.jpg 1536w, https:\/\/lamallemaubeugeoise.fr\/wp-content\/uploads\/2022\/09\/964-15-1-Redimensionnee-1200x970.jpg 1200w, https:\/\/lamallemaubeugeoise.fr\/wp-content\/uploads\/2022\/09\/964-15-1-Redimensionnee.jpg 1920w\" sizes=\"(max-width: 580px) 100vw, 580px\" \/>\t\t<\/div>\n\t\t\t\t<div class=\"elementor-portfolio-item__overlay\">\n\t\t\t\t<h3 class=\"elementor-portfolio-item__title\">\n\t\tLe jugement de P\u00e2ris\t\t<\/h3>\n\t\t\t\t<\/div>\n\t\t\t\t<\/a>\n\t\t<\/article>\n\t\t\t\t<article class=\"elementor-portfolio-item elementor-post elementor-filter-19 post-966 post type-post status-publish format-standard has-post-thumbnail hentry category-musee tag-peinture\" role=\"listitem\">\n\t\t\t<a class=\"elementor-post__thumbnail__link\" href=\"https:\/\/lamallemaubeugeoise.fr\/index.php\/2022\/10\/18\/le-repos-du-modele\/\">\n\t\t\t\t<div class=\"elementor-portfolio-item__img elementor-post__thumbnail\">\n\t\t\t<img loading=\"lazy\" decoding=\"async\" width=\"580\" height=\"747\" src=\"https:\/\/lamallemaubeugeoise.fr\/wp-content\/uploads\/2022\/09\/956-19-1_0100-Redimensionnee-795x1024.jpg\" class=\"attachment-large size-large wp-image-349\" alt=\"Le repos du mod\u00e8le par Rosset-Granger\" srcset=\"https:\/\/lamallemaubeugeoise.fr\/wp-content\/uploads\/2022\/09\/956-19-1_0100-Redimensionnee-795x1024.jpg 795w, https:\/\/lamallemaubeugeoise.fr\/wp-content\/uploads\/2022\/09\/956-19-1_0100-Redimensionnee-233x300.jpg 233w, https:\/\/lamallemaubeugeoise.fr\/wp-content\/uploads\/2022\/09\/956-19-1_0100-Redimensionnee-768x990.jpg 768w, https:\/\/lamallemaubeugeoise.fr\/wp-content\/uploads\/2022\/09\/956-19-1_0100-Redimensionnee-1192x1536.jpg 1192w, https:\/\/lamallemaubeugeoise.fr\/wp-content\/uploads\/2022\/09\/956-19-1_0100-Redimensionnee-1589x2048.jpg 1589w, https:\/\/lamallemaubeugeoise.fr\/wp-content\/uploads\/2022\/09\/956-19-1_0100-Redimensionnee-1200x1546.jpg 1200w, https:\/\/lamallemaubeugeoise.fr\/wp-content\/uploads\/2022\/09\/956-19-1_0100-Redimensionnee.jpg 1920w\" sizes=\"(max-width: 580px) 100vw, 580px\" \/>\t\t<\/div>\n\t\t\t\t<div class=\"elementor-portfolio-item__overlay\">\n\t\t\t\t<h3 class=\"elementor-portfolio-item__title\">\n\t\tLe repos du mod\u00e8le\t\t<\/h3>\n\t\t\t\t<\/div>\n\t\t\t\t<\/a>\n\t\t<\/article>\n\t\t\t\t<article class=\"elementor-portfolio-item elementor-post elementor-filter-24 post-955 post type-post status-publish format-standard has-post-thumbnail hentry category-musee tag-art-graphique\" role=\"listitem\">\n\t\t\t<a class=\"elementor-post__thumbnail__link\" href=\"https:\/\/lamallemaubeugeoise.fr\/index.php\/2022\/10\/18\/amor-poetico\/\">\n\t\t\t\t<div class=\"elementor-portfolio-item__img elementor-post__thumbnail\">\n\t\t\t<img loading=\"lazy\" decoding=\"async\" width=\"580\" height=\"500\" src=\"https:\/\/lamallemaubeugeoise.fr\/wp-content\/uploads\/2022\/09\/910-1-6modif8-Redimensionnee-Redimensionnee-1024x883.jpg\" class=\"attachment-large size-large wp-image-330\" alt=\"Amor Poetico par Coqueret\" srcset=\"https:\/\/lamallemaubeugeoise.fr\/wp-content\/uploads\/2022\/09\/910-1-6modif8-Redimensionnee-Redimensionnee-1024x883.jpg 1024w, https:\/\/lamallemaubeugeoise.fr\/wp-content\/uploads\/2022\/09\/910-1-6modif8-Redimensionnee-Redimensionnee-300x259.jpg 300w, https:\/\/lamallemaubeugeoise.fr\/wp-content\/uploads\/2022\/09\/910-1-6modif8-Redimensionnee-Redimensionnee-768x662.jpg 768w, https:\/\/lamallemaubeugeoise.fr\/wp-content\/uploads\/2022\/09\/910-1-6modif8-Redimensionnee-Redimensionnee-1536x1325.jpg 1536w, https:\/\/lamallemaubeugeoise.fr\/wp-content\/uploads\/2022\/09\/910-1-6modif8-Redimensionnee-Redimensionnee-1200x1035.jpg 1200w, https:\/\/lamallemaubeugeoise.fr\/wp-content\/uploads\/2022\/09\/910-1-6modif8-Redimensionnee-Redimensionnee.jpg 1920w\" sizes=\"(max-width: 580px) 100vw, 580px\" \/>\t\t<\/div>\n\t\t\t\t<div class=\"elementor-portfolio-item__overlay\">\n\t\t\t\t<h3 class=\"elementor-portfolio-item__title\">\n\t\tAmor Poetico\t\t<\/h3>\n\t\t\t\t<\/div>\n\t\t\t\t<\/a>\n\t\t<\/article>\n\t\t\t\t<article class=\"elementor-portfolio-item elementor-post elementor-filter-24 post-939 post type-post status-publish format-standard has-post-thumbnail hentry category-musee tag-art-graphique\" role=\"listitem\">\n\t\t\t<a class=\"elementor-post__thumbnail__link\" href=\"https:\/\/lamallemaubeugeoise.fr\/index.php\/2022\/10\/18\/muse-endormie\/\">\n\t\t\t\t<div class=\"elementor-portfolio-item__img elementor-post__thumbnail\">\n\t\t\t<img loading=\"lazy\" decoding=\"async\" width=\"580\" height=\"423\" src=\"https:\/\/lamallemaubeugeoise.fr\/wp-content\/uploads\/2022\/09\/978-7-1-Redimensionnee-1024x746.jpg\" class=\"attachment-large size-large wp-image-365\" alt=\"Muse endormie par Osbert\" srcset=\"https:\/\/lamallemaubeugeoise.fr\/wp-content\/uploads\/2022\/09\/978-7-1-Redimensionnee-1024x746.jpg 1024w, https:\/\/lamallemaubeugeoise.fr\/wp-content\/uploads\/2022\/09\/978-7-1-Redimensionnee-300x219.jpg 300w, https:\/\/lamallemaubeugeoise.fr\/wp-content\/uploads\/2022\/09\/978-7-1-Redimensionnee-768x560.jpg 768w, https:\/\/lamallemaubeugeoise.fr\/wp-content\/uploads\/2022\/09\/978-7-1-Redimensionnee-1536x1119.jpg 1536w, https:\/\/lamallemaubeugeoise.fr\/wp-content\/uploads\/2022\/09\/978-7-1-Redimensionnee-1200x874.jpg 1200w, https:\/\/lamallemaubeugeoise.fr\/wp-content\/uploads\/2022\/09\/978-7-1-Redimensionnee.jpg 1920w\" sizes=\"(max-width: 580px) 100vw, 580px\" \/>\t\t<\/div>\n\t\t\t\t<div class=\"elementor-portfolio-item__overlay\">\n\t\t\t\t<h3 class=\"elementor-portfolio-item__title\">\n\t\tMuse endormie\t\t<\/h3>\n\t\t\t\t<\/div>\n\t\t\t\t<\/a>\n\t\t<\/article>\n\t\t\t\t<article class=\"elementor-portfolio-item elementor-post elementor-filter-24 post-880 post type-post status-publish format-standard has-post-thumbnail hentry category-musee tag-art-graphique\" role=\"listitem\">\n\t\t\t<a class=\"elementor-post__thumbnail__link\" href=\"https:\/\/lamallemaubeugeoise.fr\/index.php\/2022\/10\/14\/port-de-naples\/\">\n\t\t\t\t<div class=\"elementor-portfolio-item__img elementor-post__thumbnail\">\n\t\t\t<img loading=\"lazy\" decoding=\"async\" width=\"580\" height=\"447\" src=\"https:\/\/lamallemaubeugeoise.fr\/wp-content\/uploads\/2022\/09\/83-2-4-Redimensionnee-Redimensionnee-1024x790.jpg\" class=\"attachment-large size-large wp-image-326\" alt=\"Port de Naples par Marquet\" srcset=\"https:\/\/lamallemaubeugeoise.fr\/wp-content\/uploads\/2022\/09\/83-2-4-Redimensionnee-Redimensionnee-1024x790.jpg 1024w, https:\/\/lamallemaubeugeoise.fr\/wp-content\/uploads\/2022\/09\/83-2-4-Redimensionnee-Redimensionnee-300x231.jpg 300w, https:\/\/lamallemaubeugeoise.fr\/wp-content\/uploads\/2022\/09\/83-2-4-Redimensionnee-Redimensionnee-768x592.jpg 768w, https:\/\/lamallemaubeugeoise.fr\/wp-content\/uploads\/2022\/09\/83-2-4-Redimensionnee-Redimensionnee-1536x1185.jpg 1536w, https:\/\/lamallemaubeugeoise.fr\/wp-content\/uploads\/2022\/09\/83-2-4-Redimensionnee-Redimensionnee-1200x926.jpg 1200w, https:\/\/lamallemaubeugeoise.fr\/wp-content\/uploads\/2022\/09\/83-2-4-Redimensionnee-Redimensionnee.jpg 1920w\" sizes=\"(max-width: 580px) 100vw, 580px\" \/>\t\t<\/div>\n\t\t\t\t<div class=\"elementor-portfolio-item__overlay\">\n\t\t\t\t<h3 class=\"elementor-portfolio-item__title\">\n\t\tPort de Naples\t\t<\/h3>\n\t\t\t\t<\/div>\n\t\t\t\t<\/a>\n\t\t<\/article>\n\t\t\t\t<article class=\"elementor-portfolio-item elementor-post elementor-filter-23 post-822 post type-post status-publish format-standard has-post-thumbnail hentry category-musee tag-sculpture\" role=\"listitem\">\n\t\t\t<a class=\"elementor-post__thumbnail__link\" href=\"https:\/\/lamallemaubeugeoise.fr\/index.php\/2022\/10\/13\/la-mere-et-lenfant\/\">\n\t\t\t\t<div class=\"elementor-portfolio-item__img elementor-post__thumbnail\">\n\t\t\t<img loading=\"lazy\" decoding=\"async\" width=\"580\" height=\"773\" src=\"https:\/\/lamallemaubeugeoise.fr\/wp-content\/uploads\/2022\/09\/993-1-1_0152-Redimensionnee-768x1024.jpg\" class=\"attachment-large size-large wp-image-367\" alt=\"Sculpture La m\u00e8re et l&#039;enfant par Moreau\" srcset=\"https:\/\/lamallemaubeugeoise.fr\/wp-content\/uploads\/2022\/09\/993-1-1_0152-Redimensionnee-768x1024.jpg 768w, https:\/\/lamallemaubeugeoise.fr\/wp-content\/uploads\/2022\/09\/993-1-1_0152-Redimensionnee-225x300.jpg 225w, https:\/\/lamallemaubeugeoise.fr\/wp-content\/uploads\/2022\/09\/993-1-1_0152-Redimensionnee-1152x1536.jpg 1152w, https:\/\/lamallemaubeugeoise.fr\/wp-content\/uploads\/2022\/09\/993-1-1_0152-Redimensionnee-1537x2048.jpg 1537w, https:\/\/lamallemaubeugeoise.fr\/wp-content\/uploads\/2022\/09\/993-1-1_0152-Redimensionnee-1200x1599.jpg 1200w, https:\/\/lamallemaubeugeoise.fr\/wp-content\/uploads\/2022\/09\/993-1-1_0152-Redimensionnee.jpg 1920w\" sizes=\"(max-width: 580px) 100vw, 580px\" \/>\t\t<\/div>\n\t\t\t\t<div class=\"elementor-portfolio-item__overlay\">\n\t\t\t\t<h3 class=\"elementor-portfolio-item__title\">\n\t\tLa M\u00e8re et l&rsquo;Enfant\t\t<\/h3>\n\t\t\t\t<\/div>\n\t\t\t\t<\/a>\n\t\t<\/article>\n\t\t\t\t<article class=\"elementor-portfolio-item elementor-post elementor-filter-21 elementor-filter-25 post-818 post type-post status-publish format-standard has-post-thumbnail hentry category-musee tag-ceramique tag-objet-dart\" role=\"listitem\">\n\t\t\t<a class=\"elementor-post__thumbnail__link\" href=\"https:\/\/lamallemaubeugeoise.fr\/index.php\/2022\/10\/13\/orphee-jardinier\/\">\n\t\t\t\t<div class=\"elementor-portfolio-item__img elementor-post__thumbnail\">\n\t\t\t<img loading=\"lazy\" decoding=\"async\" width=\"580\" height=\"773\" src=\"https:\/\/lamallemaubeugeoise.fr\/wp-content\/uploads\/2022\/09\/959-2-1_0395-Redimensionnee-768x1024.jpg\" class=\"attachment-large size-large wp-image-350\" alt=\"Assiette &quot;Orph\u00e9e Jardinier&quot; par Cocteau\" srcset=\"https:\/\/lamallemaubeugeoise.fr\/wp-content\/uploads\/2022\/09\/959-2-1_0395-Redimensionnee-768x1024.jpg 768w, https:\/\/lamallemaubeugeoise.fr\/wp-content\/uploads\/2022\/09\/959-2-1_0395-Redimensionnee-225x300.jpg 225w, https:\/\/lamallemaubeugeoise.fr\/wp-content\/uploads\/2022\/09\/959-2-1_0395-Redimensionnee-1152x1536.jpg 1152w, https:\/\/lamallemaubeugeoise.fr\/wp-content\/uploads\/2022\/09\/959-2-1_0395-Redimensionnee-1537x2048.jpg 1537w, https:\/\/lamallemaubeugeoise.fr\/wp-content\/uploads\/2022\/09\/959-2-1_0395-Redimensionnee-1200x1599.jpg 1200w, https:\/\/lamallemaubeugeoise.fr\/wp-content\/uploads\/2022\/09\/959-2-1_0395-Redimensionnee.jpg 1920w\" sizes=\"(max-width: 580px) 100vw, 580px\" \/>\t\t<\/div>\n\t\t\t\t<div class=\"elementor-portfolio-item__overlay\">\n\t\t\t\t<h3 class=\"elementor-portfolio-item__title\">\n\t\tOrph\u00e9e jardinier\t\t<\/h3>\n\t\t\t\t<\/div>\n\t\t\t\t<\/a>\n\t\t<\/article>\n\t\t\t\t<article class=\"elementor-portfolio-item elementor-post elementor-filter-24 post-814 post type-post status-publish format-standard has-post-thumbnail hentry category-musee tag-art-graphique\" role=\"listitem\">\n\t\t\t<a class=\"elementor-post__thumbnail__link\" href=\"https:\/\/lamallemaubeugeoise.fr\/index.php\/2022\/10\/13\/femme-a-la-fenetre\/\">\n\t\t\t\t<div class=\"elementor-portfolio-item__img elementor-post__thumbnail\">\n\t\t\t<img loading=\"lazy\" decoding=\"async\" width=\"580\" height=\"475\" src=\"https:\/\/lamallemaubeugeoise.fr\/wp-content\/uploads\/2022\/09\/982-4-6-Redimensionnee-1024x838.jpg\" class=\"attachment-large size-large wp-image-366\" alt=\"Peinture Femme \u00e0 la fen\u00eatre par Leli\u00e8vre\" srcset=\"https:\/\/lamallemaubeugeoise.fr\/wp-content\/uploads\/2022\/09\/982-4-6-Redimensionnee-1024x838.jpg 1024w, https:\/\/lamallemaubeugeoise.fr\/wp-content\/uploads\/2022\/09\/982-4-6-Redimensionnee-300x246.jpg 300w, https:\/\/lamallemaubeugeoise.fr\/wp-content\/uploads\/2022\/09\/982-4-6-Redimensionnee-768x629.jpg 768w, https:\/\/lamallemaubeugeoise.fr\/wp-content\/uploads\/2022\/09\/982-4-6-Redimensionnee-1536x1258.jpg 1536w, https:\/\/lamallemaubeugeoise.fr\/wp-content\/uploads\/2022\/09\/982-4-6-Redimensionnee-1200x983.jpg 1200w, https:\/\/lamallemaubeugeoise.fr\/wp-content\/uploads\/2022\/09\/982-4-6-Redimensionnee.jpg 1920w\" sizes=\"(max-width: 580px) 100vw, 580px\" \/>\t\t<\/div>\n\t\t\t\t<div class=\"elementor-portfolio-item__overlay\">\n\t\t\t\t<h3 class=\"elementor-portfolio-item__title\">\n\t\tFemme \u00e0 la fen\u00eatre\t\t<\/h3>\n\t\t\t\t<\/div>\n\t\t\t\t<\/a>\n\t\t<\/article>\n\t\t\t\t<article class=\"elementor-portfolio-item elementor-post elementor-filter-19 post-810 post type-post status-publish format-standard has-post-thumbnail hentry category-musee tag-peinture\" role=\"listitem\">\n\t\t\t<a class=\"elementor-post__thumbnail__link\" href=\"https:\/\/lamallemaubeugeoise.fr\/index.php\/2022\/10\/13\/etude-pour-florence\/\">\n\t\t\t\t<div class=\"elementor-portfolio-item__img elementor-post__thumbnail\">\n\t\t\t<img loading=\"lazy\" decoding=\"async\" width=\"580\" height=\"715\" src=\"https:\/\/lamallemaubeugeoise.fr\/wp-content\/uploads\/2022\/09\/937-4-1_0495-Redimensionnee-Redimensionnee-831x1024.jpg\" class=\"attachment-large size-large wp-image-339\" alt=\"\u00c9tude pour Florence par Domergue\" srcset=\"https:\/\/lamallemaubeugeoise.fr\/wp-content\/uploads\/2022\/09\/937-4-1_0495-Redimensionnee-Redimensionnee-831x1024.jpg 831w, https:\/\/lamallemaubeugeoise.fr\/wp-content\/uploads\/2022\/09\/937-4-1_0495-Redimensionnee-Redimensionnee-243x300.jpg 243w, https:\/\/lamallemaubeugeoise.fr\/wp-content\/uploads\/2022\/09\/937-4-1_0495-Redimensionnee-Redimensionnee-768x946.jpg 768w, https:\/\/lamallemaubeugeoise.fr\/wp-content\/uploads\/2022\/09\/937-4-1_0495-Redimensionnee-Redimensionnee-1246x1536.jpg 1246w, https:\/\/lamallemaubeugeoise.fr\/wp-content\/uploads\/2022\/09\/937-4-1_0495-Redimensionnee-Redimensionnee-1662x2048.jpg 1662w, https:\/\/lamallemaubeugeoise.fr\/wp-content\/uploads\/2022\/09\/937-4-1_0495-Redimensionnee-Redimensionnee-1200x1479.jpg 1200w, https:\/\/lamallemaubeugeoise.fr\/wp-content\/uploads\/2022\/09\/937-4-1_0495-Redimensionnee-Redimensionnee.jpg 1920w\" sizes=\"(max-width: 580px) 100vw, 580px\" \/>\t\t<\/div>\n\t\t\t\t<div class=\"elementor-portfolio-item__overlay\">\n\t\t\t\t<h3 class=\"elementor-portfolio-item__title\">\n\t\t\u00c9tude pour Florence\t\t<\/h3>\n\t\t\t\t<\/div>\n\t\t\t\t<\/a>\n\t\t<\/article>\n\t\t\t\t<article class=\"elementor-portfolio-item elementor-post elementor-filter-24 post-787 post type-post status-publish format-standard has-post-thumbnail hentry category-musee tag-art-graphique\" role=\"listitem\">\n\t\t\t<a class=\"elementor-post__thumbnail__link\" href=\"https:\/\/lamallemaubeugeoise.fr\/index.php\/2022\/10\/13\/enfant-nomade-en-algerie\/\">\n\t\t\t\t<div class=\"elementor-portfolio-item__img elementor-post__thumbnail\">\n\t\t\t<img loading=\"lazy\" decoding=\"async\" width=\"580\" height=\"834\" src=\"https:\/\/lamallemaubeugeoise.fr\/wp-content\/uploads\/2022\/09\/938-14-2_0055-Redimensionnee-Redimensionnee-712x1024.jpg\" class=\"attachment-large size-large wp-image-340\" alt=\"Enfant nomade en Alg\u00e9rie par Chvatal\" srcset=\"https:\/\/lamallemaubeugeoise.fr\/wp-content\/uploads\/2022\/09\/938-14-2_0055-Redimensionnee-Redimensionnee-712x1024.jpg 712w, https:\/\/lamallemaubeugeoise.fr\/wp-content\/uploads\/2022\/09\/938-14-2_0055-Redimensionnee-Redimensionnee-208x300.jpg 208w, https:\/\/lamallemaubeugeoise.fr\/wp-content\/uploads\/2022\/09\/938-14-2_0055-Redimensionnee-Redimensionnee-768x1105.jpg 768w, https:\/\/lamallemaubeugeoise.fr\/wp-content\/uploads\/2022\/09\/938-14-2_0055-Redimensionnee-Redimensionnee-1067x1536.jpg 1067w, https:\/\/lamallemaubeugeoise.fr\/wp-content\/uploads\/2022\/09\/938-14-2_0055-Redimensionnee-Redimensionnee-1423x2048.jpg 1423w, https:\/\/lamallemaubeugeoise.fr\/wp-content\/uploads\/2022\/09\/938-14-2_0055-Redimensionnee-Redimensionnee-1200x1727.jpg 1200w, https:\/\/lamallemaubeugeoise.fr\/wp-content\/uploads\/2022\/09\/938-14-2_0055-Redimensionnee-Redimensionnee-scaled.jpg 1779w\" sizes=\"(max-width: 580px) 100vw, 580px\" \/>\t\t<\/div>\n\t\t\t\t<div class=\"elementor-portfolio-item__overlay\">\n\t\t\t\t<h3 class=\"elementor-portfolio-item__title\">\n\t\tEnfant nomade en Alg\u00e9rie\t\t<\/h3>\n\t\t\t\t<\/div>\n\t\t\t\t<\/a>\n\t\t<\/article>\n\t\t\t\t<\/div>\n\t\t\t\t\t\t<\/div>\n\t\t\t\t<\/div>\n\t\t\t\t\t<\/div>\n\t\t<\/div>\n\t\t\t\t\t<\/div>\n\t\t<\/section>\n\t\t\t\t<\/div>\n\t\t","protected":false},"excerpt":{"rendered":"","protected":false},"author":1,"featured_media":0,"parent":0,"menu_order":0,"comment_status":"closed","ping_status":"closed","template":"elementor_header_footer","meta":{"footnotes":""},"class_list":["post-92","page","type-page","status-publish","hentry"],"yoast_head":"<!-- This site is optimized with the Yoast SEO plugin v27.2 - https:\/\/yoast.com\/product\/yoast-seo-wordpress\/ -->\n<title>Mus\u00e9e - La Malle maubeugeoise<\/title>\n<meta name=\"robots\" content=\"index, follow, max-snippet:-1, max-image-preview:large, max-video-preview:-1\" \/>\n<link rel=\"canonical\" href=\"https:\/\/lamallemaubeugeoise.fr\/index.php\/musees\/\" \/>\n<meta property=\"og:locale\" content=\"fr_FR\" \/>\n<meta property=\"og:type\" content=\"article\" \/>\n<meta property=\"og:title\" content=\"Mus\u00e9e - La Malle maubeugeoise\" \/>\n<meta property=\"og:url\" content=\"https:\/\/lamallemaubeugeoise.fr\/index.php\/musees\/\" \/>\n<meta property=\"og:site_name\" content=\"La Malle maubeugeoise\" \/>\n<meta property=\"article:publisher\" content=\"https:\/\/www.facebook.com\/VilledeMaubeuge\" \/>\n<meta property=\"article:modified_time\" content=\"2023-01-20T11:43:37+00:00\" \/>\n<meta name=\"twitter:card\" content=\"summary_large_image\" \/>\n<meta name=\"twitter:site\" content=\"@VilleMaubeuge\" \/>\n<meta name=\"twitter:label1\" content=\"Dur\u00e9e de lecture estim\u00e9e\" \/>\n\t<meta name=\"twitter:data1\" content=\"7 minutes\" \/>\n<script type=\"application\/ld+json\" class=\"yoast-schema-graph\">{\"@context\":\"https:\/\/schema.org\",\"@graph\":[{\"@type\":\"WebPage\",\"@id\":\"https:\/\/lamallemaubeugeoise.fr\/index.php\/musees\/\",\"url\":\"https:\/\/lamallemaubeugeoise.fr\/index.php\/musees\/\",\"name\":\"Mus\u00e9e - La Malle maubeugeoise\",\"isPartOf\":{\"@id\":\"https:\/\/lamallemaubeugeoise.fr\/#website\"},\"datePublished\":\"2022-09-10T09:09:07+00:00\",\"dateModified\":\"2023-01-20T11:43:37+00:00\",\"breadcrumb\":{\"@id\":\"https:\/\/lamallemaubeugeoise.fr\/index.php\/musees\/#breadcrumb\"},\"inLanguage\":\"fr-FR\",\"potentialAction\":[{\"@type\":\"ReadAction\",\"target\":[\"https:\/\/lamallemaubeugeoise.fr\/index.php\/musees\/\"]}]},{\"@type\":\"BreadcrumbList\",\"@id\":\"https:\/\/lamallemaubeugeoise.fr\/index.php\/musees\/#breadcrumb\",\"itemListElement\":[{\"@type\":\"ListItem\",\"position\":1,\"name\":\"Accueil\",\"item\":\"https:\/\/lamallemaubeugeoise.fr\/\"},{\"@type\":\"ListItem\",\"position\":2,\"name\":\"Mus\u00e9e\"}]},{\"@type\":\"WebSite\",\"@id\":\"https:\/\/lamallemaubeugeoise.fr\/#website\",\"url\":\"https:\/\/lamallemaubeugeoise.fr\/\",\"name\":\"La Malle maubeugeoise\",\"description\":\"\",\"publisher\":{\"@id\":\"https:\/\/lamallemaubeugeoise.fr\/#organization\"},\"potentialAction\":[{\"@type\":\"SearchAction\",\"target\":{\"@type\":\"EntryPoint\",\"urlTemplate\":\"https:\/\/lamallemaubeugeoise.fr\/?s={search_term_string}\"},\"query-input\":{\"@type\":\"PropertyValueSpecification\",\"valueRequired\":true,\"valueName\":\"search_term_string\"}}],\"inLanguage\":\"fr-FR\"},{\"@type\":\"Organization\",\"@id\":\"https:\/\/lamallemaubeugeoise.fr\/#organization\",\"name\":\"La Malle maubeugeoise\",\"url\":\"https:\/\/lamallemaubeugeoise.fr\/\",\"logo\":{\"@type\":\"ImageObject\",\"inLanguage\":\"fr-FR\",\"@id\":\"https:\/\/lamallemaubeugeoise.fr\/#\/schema\/logo\/image\/\",\"url\":\"https:\/\/lamallemaubeugeoise.fr\/wp-content\/uploads\/2022\/09\/logo_culture.png\",\"contentUrl\":\"https:\/\/lamallemaubeugeoise.fr\/wp-content\/uploads\/2022\/09\/logo_culture.png\",\"width\":500,\"height\":270,\"caption\":\"La Malle maubeugeoise\"},\"image\":{\"@id\":\"https:\/\/lamallemaubeugeoise.fr\/#\/schema\/logo\/image\/\"},\"sameAs\":[\"https:\/\/www.facebook.com\/VilledeMaubeuge\",\"https:\/\/x.com\/VilleMaubeuge\",\"https:\/\/www.instagram.com\/villedemaubeuge\/\",\"https:\/\/www.linkedin.com\/company\/42902618\/admin\/\",\"https:\/\/www.youtube.com\/channel\/UCqOferEXg9bqKz_6mzrxN4w\",\"https:\/\/t.me\/villeMaubeuge\"]}]}<\/script>\n<!-- \/ Yoast SEO plugin. -->","yoast_head_json":{"title":"Mus\u00e9e - La Malle maubeugeoise","robots":{"index":"index","follow":"follow","max-snippet":"max-snippet:-1","max-image-preview":"max-image-preview:large","max-video-preview":"max-video-preview:-1"},"canonical":"https:\/\/lamallemaubeugeoise.fr\/index.php\/musees\/","og_locale":"fr_FR","og_type":"article","og_title":"Mus\u00e9e - La Malle maubeugeoise","og_url":"https:\/\/lamallemaubeugeoise.fr\/index.php\/musees\/","og_site_name":"La Malle maubeugeoise","article_publisher":"https:\/\/www.facebook.com\/VilledeMaubeuge","article_modified_time":"2023-01-20T11:43:37+00:00","twitter_card":"summary_large_image","twitter_site":"@VilleMaubeuge","twitter_misc":{"Dur\u00e9e de lecture estim\u00e9e":"7 minutes"},"schema":{"@context":"https:\/\/schema.org","@graph":[{"@type":"WebPage","@id":"https:\/\/lamallemaubeugeoise.fr\/index.php\/musees\/","url":"https:\/\/lamallemaubeugeoise.fr\/index.php\/musees\/","name":"Mus\u00e9e - La Malle maubeugeoise","isPartOf":{"@id":"https:\/\/lamallemaubeugeoise.fr\/#website"},"datePublished":"2022-09-10T09:09:07+00:00","dateModified":"2023-01-20T11:43:37+00:00","breadcrumb":{"@id":"https:\/\/lamallemaubeugeoise.fr\/index.php\/musees\/#breadcrumb"},"inLanguage":"fr-FR","potentialAction":[{"@type":"ReadAction","target":["https:\/\/lamallemaubeugeoise.fr\/index.php\/musees\/"]}]},{"@type":"BreadcrumbList","@id":"https:\/\/lamallemaubeugeoise.fr\/index.php\/musees\/#breadcrumb","itemListElement":[{"@type":"ListItem","position":1,"name":"Accueil","item":"https:\/\/lamallemaubeugeoise.fr\/"},{"@type":"ListItem","position":2,"name":"Mus\u00e9e"}]},{"@type":"WebSite","@id":"https:\/\/lamallemaubeugeoise.fr\/#website","url":"https:\/\/lamallemaubeugeoise.fr\/","name":"La Malle maubeugeoise","description":"","publisher":{"@id":"https:\/\/lamallemaubeugeoise.fr\/#organization"},"potentialAction":[{"@type":"SearchAction","target":{"@type":"EntryPoint","urlTemplate":"https:\/\/lamallemaubeugeoise.fr\/?s={search_term_string}"},"query-input":{"@type":"PropertyValueSpecification","valueRequired":true,"valueName":"search_term_string"}}],"inLanguage":"fr-FR"},{"@type":"Organization","@id":"https:\/\/lamallemaubeugeoise.fr\/#organization","name":"La Malle maubeugeoise","url":"https:\/\/lamallemaubeugeoise.fr\/","logo":{"@type":"ImageObject","inLanguage":"fr-FR","@id":"https:\/\/lamallemaubeugeoise.fr\/#\/schema\/logo\/image\/","url":"https:\/\/lamallemaubeugeoise.fr\/wp-content\/uploads\/2022\/09\/logo_culture.png","contentUrl":"https:\/\/lamallemaubeugeoise.fr\/wp-content\/uploads\/2022\/09\/logo_culture.png","width":500,"height":270,"caption":"La Malle maubeugeoise"},"image":{"@id":"https:\/\/lamallemaubeugeoise.fr\/#\/schema\/logo\/image\/"},"sameAs":["https:\/\/www.facebook.com\/VilledeMaubeuge","https:\/\/x.com\/VilleMaubeuge","https:\/\/www.instagram.com\/villedemaubeuge\/","https:\/\/www.linkedin.com\/company\/42902618\/admin\/","https:\/\/www.youtube.com\/channel\/UCqOferEXg9bqKz_6mzrxN4w","https:\/\/t.me\/villeMaubeuge"]}]}},"_links":{"self":[{"href":"https:\/\/lamallemaubeugeoise.fr\/index.php\/wp-json\/wp\/v2\/pages\/92","targetHints":{"allow":["GET"]}}],"collection":[{"href":"https:\/\/lamallemaubeugeoise.fr\/index.php\/wp-json\/wp\/v2\/pages"}],"about":[{"href":"https:\/\/lamallemaubeugeoise.fr\/index.php\/wp-json\/wp\/v2\/types\/page"}],"author":[{"embeddable":true,"href":"https:\/\/lamallemaubeugeoise.fr\/index.php\/wp-json\/wp\/v2\/users\/1"}],"replies":[{"embeddable":true,"href":"https:\/\/lamallemaubeugeoise.fr\/index.php\/wp-json\/wp\/v2\/comments?post=92"}],"version-history":[{"count":82,"href":"https:\/\/lamallemaubeugeoise.fr\/index.php\/wp-json\/wp\/v2\/pages\/92\/revisions"}],"predecessor-version":[{"id":2606,"href":"https:\/\/lamallemaubeugeoise.fr\/index.php\/wp-json\/wp\/v2\/pages\/92\/revisions\/2606"}],"wp:attachment":[{"href":"https:\/\/lamallemaubeugeoise.fr\/index.php\/wp-json\/wp\/v2\/media?parent=92"}],"curies":[{"name":"wp","href":"https:\/\/api.w.org\/{rel}","templated":true}]}}